{"id":3,"date":"2020-12-05T16:05:29","date_gmt":"2020-12-05T16:05:29","guid":{"rendered":"http:\/\/recoveryseed.cz\/?page_id=3"},"modified":"2023-03-02T11:02:30","modified_gmt":"2023-03-02T11:02:30","slug":"ochrana-osobnich-udaju","status":"publish","type":"page","link":"https:\/\/recoveryseed.cz\/pt\/protecao-das-agencias-pessoais\/","title":{"rendered":"Termos e condi\u00e7\u00f5es"},"content":{"rendered":"<p style=\"text-align: center;\"><span style=\"color: #404040;\"><span style=\"font-family: Arial, serif;\"><span style=\"font-size: large;\"><u><b>Termos e condi\u00e7\u00f5es<\/b><\/u><\/span><\/span><\/span><\/p>\n<p style=\"text-align: center;\" align=\"CENTER\"><span style=\"color: #404040;\"><span style=\"font-family: Arial, serif;\"><span style=\"font-size: xx-small;\"><br \/>\n<\/span><\/span><\/span><span style=\"color: #404040;\"><span style=\"font-family: Arial, serif;\"><b>Bem-vindo a https:\/\/recoveryseed.cz\/<\/b><\/span><\/span><\/p>\n<p style=\"text-align: center;\"><span style=\"color: #404040;\"><span style=\"font-family: Arial, serif;\"><b>Termos e condi\u00e7\u00f5es, informa\u00e7\u00f5es e <a href=\"https:\/\/recoveryseed.cz\/pt\/regras-trabalho-para-eventos-pessoais\/\">Pol\u00edtica de privacidade AQUI<\/a> (a seguir designado por RGPD) aplica-se \u00e0s encomendas efectuadas na nossa loja online ou na nossa sede.<\/b><\/span><\/span><\/p>\n<p style=\"text-align: center;\"><span style=\"color: #404040;\"><span style=\"font-family: Arial, serif;\"><b>Ao concluir a encomenda, o comprador confirma que leu e aceita as condi\u00e7\u00f5es gerais, as reclama\u00e7\u00f5es e o regulamento de compra.<\/b><\/span><\/span><\/p>\n<p style=\"text-align: center;\" align=\"CENTER\"><span style=\"color: #404040;\"><span style=\"font-family: Arial, serif;\"><b>A ordem \u00e9 <\/b><\/span><\/span><span style=\"font-family: Arial, serif;\"><b>Proposta<\/b><\/span><span style=\"color: #404040;\"><span style=\"font-family: Arial, serif;\"><b>em do contrato de compra e venda. O contrato de compra e venda \u00e9 formado pela aceita\u00e7\u00e3o das mercadorias encomendadas pelo comprador.<\/b><\/span><\/span><\/p>\n<p><span style=\"color: #404040;\"><span style=\"font-family: Arial, serif;\"><b>\u00a0<\/b><\/span><\/span><\/p>\n<p align=\"CENTER\"><span style=\"color: #262626;\"><span style=\"font-family: Arial, serif;\">Os presentes Termos e Condi\u00e7\u00f5es (a seguir designados por \"<\/span><\/span><span style=\"color: #262626;\"><span style=\"font-family: Arial, serif;\"><b>termos e condi\u00e7\u00f5es<\/b><\/span><\/span><span style=\"color: #262626;\"><span style=\"font-family: Arial, serif;\">\") pessoas singulares que operam ao abrigo da lei relativa ao licenciamento do com\u00e9rcio e que n\u00e3o est\u00e3o inscritas no registo comercial: <span style=\"color: #404040;\"><b>RECOVERY SEED s.r.o<\/b><\/span><\/span><\/span><span style=\"color: #262626;\"><span style=\"font-family: Arial, serif;\"><b>.<\/b><\/span><\/span><span style=\"color: #262626;\"><span style=\"font-family: Arial, serif;\">, com sede social <span style=\"color: #404040;\"><b>Bochenkova 256\/6, 748 01 Hlu\u010d\u00edn\u00a0<\/b><\/span>, n\u00famero de identifica\u00e7\u00e3o: 08391955, (a seguir designado por \"<\/span><\/span><span style=\"color: #262626;\"><span style=\"font-family: Arial, serif;\"><b>Vendedor<\/b><\/span><\/span><span style=\"color: #262626;\"><span style=\"font-family: Arial, serif;\">\") regulam de acordo com as disposi\u00e7\u00f5es da Sec\u00e7\u00e3o 1751(1) da Lei n.\u00ba 89\/2012 Coll., o C\u00f3digo Civil, conforme alterado (a seguir designado por \"<\/span><\/span><span style=\"color: #262626;\"><span style=\"font-family: Arial, serif;\"><b>C\u00f3digo Civil<\/b><\/span><\/span><span style=\"color: #262626;\"><span style=\"font-family: Arial, serif;\">\") os direitos e obriga\u00e7\u00f5es m\u00fatuos das partes decorrentes do ou em rela\u00e7\u00e3o ao Acordo de Compra (doravante referido como \"<\/span><\/span><span style=\"color: #262626;\"><span style=\"font-family: Arial, serif;\"><b>Contrato de compra<\/b><\/span><\/span><span style=\"color: #262626;\"><span style=\"font-family: Arial, serif;\">\") celebrado entre o vendedor e outra pessoa singular (a seguir designada por \"<\/span><\/span><span style=\"color: #262626;\"><span style=\"font-family: Arial, serif;\"><b>comprador<\/b><\/span><\/span><span style=\"color: #262626;\"><span style=\"font-family: Arial, serif;\">\") atrav\u00e9s da loja online do Vendedor. A loja online \u00e9 gerida pelo Vendedor num s\u00edtio Web situado no seguinte endere\u00e7o Internet <\/span><\/span><span style=\"color: #262626;\"><span style=\"font-family: Arial, serif;\"><b>https:\/\/recoveryseed.cz\/<\/b><\/span><\/span><span style=\"color: #262626;\"><span style=\"font-family: Arial, serif;\"> (a seguir designado por \"<\/span><\/span><span style=\"color: #262626;\"><span style=\"font-family: Arial, serif;\"><b>s\u00edtio Web<\/b><\/span><\/span><span style=\"color: #262626;\"><span style=\"font-family: Arial, serif;\">\"), atrav\u00e9s da interface do s\u00edtio Web (a seguir designada por \"<\/span><\/span><span style=\"color: #262626;\"><span style=\"font-family: Arial, serif;\"><b>interface web da loja<\/b><\/span><\/span><span style=\"color: #262626;\"><span style=\"font-family: Arial, serif;\">\").<\/span><\/span><\/p>\n<p><span style=\"color: #404040;\"><span style=\"font-family: Arial, serif;\"><u><b>Disposi\u00e7\u00f5es introdut\u00f3rias<\/b><\/u><\/span><\/span><span style=\"color: #404040;\"><span style=\"font-family: Arial, serif;\">\u00a0<\/span><\/span><\/p>\n<p><span style=\"color: #404040;\"><span style=\"font-family: Arial, serif;\"><b>O operador da loja online (a seguir designado por vendedor) \u00e9 a RECOVERY SEED s.r.o.<\/b><\/span><\/span><span style=\"color: #404040;\"><span style=\"font-family: Arial, serif;\"><u><b>.<\/b><\/u><\/span><\/span><\/p>\n<p><span style=\"color: #404040;\"><span style=\"font-family: Arial, serif;\"><b>ID: 08391955<\/b><\/span><\/span><\/p>\n<p><span style=\"color: #404040;\"><span style=\"font-family: Arial, serif;\"><b>DIC: CZ08391955<br \/>\nSede social: Bochenkova 256\/6, 748 01 Hlu\u010d\u00edn\u00a0<\/b><\/span><\/span><\/p>\n<p align=\"RIGHT\"><span style=\"color: #404040;\">\u00a0\u00a0\u00a0\u00a0\u00a0\u00a0\u00a0\u00a0\u00a0\u00a0\u00a0\u00a0\u00a0\u00a0\u00a0\u00a0\u00a0\u00a0\u00a0\u00a0\u00a0\u00a0\u00a0\u00a0\u00a0\u00a0 <span style=\"font-family: Arial, serif;\"><b>Fio banka, n\u00famero de conta - <\/b><\/span><\/span><span style=\"color: #404040;\"><span style=\"font-family: Arial, serif;\"><span style=\"font-size: medium;\"><b>2101676092\/2010<\/b><\/span><\/span><\/span><span style=\"color: #404040;\"><span style=\"font-family: Arial, serif;\"><b>\u00a0\u00a0<\/b><\/span><\/span><\/p>\n<p align=\"RIGHT\"><span style=\"color: #404040;\"><span style=\"font-family: Arial, serif;\"><b>IBAN: CZ22 2010 0000 0021 0167 6092, BIC\/SWIFT: FIOBCZPPXXX<\/b><\/span><\/span><\/p>\n<ul>\n<li><span style=\"font-family: Times New Roman, serif;\"><span style=\"font-size: medium;\"><span style=\"color: #404040;\"><span style=\"font-family: Arial, serif;\"><span style=\"font-size: small;\"><b>Correio eletr\u00f3nico: <\/b><\/span><\/span><\/span><a href=\"mailto:info@recoveryseed.cz\"><span style=\"color: #404040;\"><span style=\"font-family: Arial, serif;\"><span style=\"font-size: small;\">info@recoveryseed.cz<\/span><\/span><\/span><\/a><\/span><\/span><\/li>\n<li><span style=\"font-family: Times New Roman, serif;\"><span style=\"font-size: medium;\"><span style=\"color: #404040;\"><span style=\"font-family: Arial, serif;\"><span style=\"font-size: small;\"><b>Tel:<\/b><\/span><\/span><\/span> <span style=\"color: #404040;\"><span style=\"font-family: Arial, serif;\"><span style=\"font-size: small;\">+420 776 611 248, +420 734 303\u00a0032<\/span><\/span><\/span><\/span><\/span><\/li>\n<\/ul>\n<p align=\"CENTER\"><span style=\"font-family: Times New Roman, serif;\"><span style=\"font-size: medium;\"><span style=\"color: #404040;\"><span style=\"font-family: Arial, serif;\"><span style=\"font-size: small;\"><b>O Vendedor tem como atividade principal a venda e o fabrico de chapas de a\u00e7o para a conserva\u00e7\u00e3o de criptomoedas (sementes), incluindo acess\u00f3rios <\/b><\/span><\/span><\/span><span style=\"color: #404040;\"><span style=\"font-family: Arial, serif;\"><span style=\"font-size: small;\">(l\u00e1pis de grava\u00e7\u00e3o, tinteiro autom\u00e1tico, pontas de reserva para l\u00e1pis de grava\u00e7\u00e3o, panos de polimento).<\/span><\/span><\/span><\/span><\/span><\/p>\n<ol>\n<li>\n<p align=\"JUSTIFY\"><span style=\"color: #404040;\"><span style=\"font-family: Arial, serif;\"><b>O Vendedor declara que todas as informa\u00e7\u00f5es fornecidas neste servidor s\u00e3o verdadeiras e est\u00e3o em conformidade com a legisla\u00e7\u00e3o da Rep\u00fablica Checa.<\/b><\/span><\/span><\/p>\n<\/li>\n<\/ol>\n<ol>\n<li>\n<p align=\"JUSTIFY\"><span style=\"color: #404040;\"><span style=\"font-family: Arial, serif;\">Outras disposi\u00e7\u00f5es dos termos e condi\u00e7\u00f5es definem e especificam melhor os direitos e obriga\u00e7\u00f5es do vendedor e do comprador e s\u00e3o parte integrante do contrato de compra e venda.<\/span><\/span><\/p>\n<\/li>\n<li>\n<p align=\"JUSTIFY\"><span style=\"color: #404040;\"><span style=\"font-family: Arial, serif;\">Os Termos e Condi\u00e7\u00f5es n\u00e3o se aplicam aos casos em que a pessoa que pretende comprar bens ao Vendedor \u00e9 uma pessoa colectiva ou uma pessoa que actua no decurso de uma encomenda de bens no \u00e2mbito da sua atividade comercial ou no exerc\u00edcio independente da sua profiss\u00e3o.<\/span><\/span><\/p>\n<\/li>\n<li>\n<p align=\"JUSTIFY\"><span style=\"color: #404040;\"><span style=\"font-family: Arial, serif;\">As disposi\u00e7\u00f5es que se afastem das condi\u00e7\u00f5es gerais podem ser acordadas no contrato de compra e venda. As disposi\u00e7\u00f5es divergentes do contrato de compra e venda prevalecem sobre as disposi\u00e7\u00f5es das condi\u00e7\u00f5es gerais.<\/span><\/span><\/p>\n<\/li>\n<li>\n<p align=\"JUSTIFY\"><span style=\"color: #404040;\"><span style=\"font-family: Arial, serif;\">As disposi\u00e7\u00f5es dos termos e condi\u00e7\u00f5es s\u00e3o parte integrante do contrato de compra e venda. O contrato de compra e venda e os termos e condi\u00e7\u00f5es s\u00e3o redigidos na l\u00edngua checa. O contrato de compra e venda s\u00f3 pode ser celebrado na l\u00edngua checa.<\/span><\/span><\/p>\n<\/li>\n<li>\n<p align=\"JUSTIFY\"><span style=\"color: #404040;\"><span style=\"font-family: Arial, serif;\">O Vendedor pode alterar ou completar a reda\u00e7\u00e3o dos Termos e Condi\u00e7\u00f5es. Esta disposi\u00e7\u00e3o n\u00e3o afecta os direitos e obriga\u00e7\u00f5es decorrentes do per\u00edodo de validade da vers\u00e3o anterior dos Termos e Condi\u00e7\u00f5es. <\/span><\/span><span style=\"color: #404040;\"><span style=\"font-family: Arial, serif;\"><b>As disposi\u00e7\u00f5es das condi\u00e7\u00f5es gerais s\u00e3o parte integrante do contrato de compra e venda. <\/b><\/span><\/span><\/p>\n<\/li>\n<\/ol>\n<p align=\"JUSTIFY\"><span style=\"color: #404040;\"><span style=\"font-family: Arial, serif;\"><u><b>Celebra\u00e7\u00e3o do contrato<\/b><\/u><\/span><\/span><\/p>\n<ol>\n<li>\n<p align=\"JUSTIFY\"><span style=\"color: #404040;\"><span style=\"font-family: Arial, serif;\">Uma condi\u00e7\u00e3o para a validade de uma encomenda eletr\u00f3nica \u00e9 o preenchimento de todos os dados prescritos no formul\u00e1rio. A encomenda \u00e9 um projeto de contrato de compra e venda. O Vendedor confirma a celebra\u00e7\u00e3o do contrato de compra e venda atrav\u00e9s de uma confirma\u00e7\u00e3o eletr\u00f3nica da encomenda.<\/span><\/span><\/p>\n<\/li>\n<li>\n<p align=\"JUSTIFY\"><span style=\"color: #404040;\"><span style=\"font-family: Arial, serif;\">Toda a apresenta\u00e7\u00e3o de bens colocados na interface web da loja tem car\u00e1cter informativo e o vendedor n\u00e3o \u00e9 obrigado a celebrar um contrato de compra e venda relativamente a esses bens.<\/span><\/span><\/p>\n<\/li>\n<li>\n<p align=\"JUSTIFY\"><span style=\"color: #404040;\"><span style=\"font-family: Arial, serif;\">O comprador \u00e9 obrigado a fornecer o endere\u00e7o postal correto e completo para o qual os bens encomendados devem ser enviados.<\/span><\/span><\/p>\n<\/li>\n<li>\n<p align=\"JUSTIFY\"><span style=\"color: #404040;\"><span style=\"font-family: Arial, serif;\">O Vendedor entrega as mercadorias ao Comprador, no caso da Rep\u00fablica Checa, no momento da entrega ou de acordo com o m\u00e9todo de pagamento escolhido ap\u00f3s o pagamento da encomenda por moeda criptogr\u00e1fica, cart\u00e3o de pagamento atrav\u00e9s do sistema de pagamento para a conta do Vendedor. As mercadorias s\u00e3o entregues exclusivamente atrav\u00e9s da empresa Z\u00e1silkovna (<\/span><\/span><span style=\"color: #404040;\"><span style=\"font-family: Arial, serif;\"><b>Ver. \"M\u00e9todos de recolha de bens adquiridos em linha\"<\/b><\/span><\/span><span style=\"color: #404040;\"><span style=\"font-family: Arial, serif;\">). No caso de entrega da encomenda fora da Rep\u00fablica Checa, o vendedor envia as mercadorias com base numa fatura paga, que \u00e9 enviada ao cliente ap\u00f3s a confirma\u00e7\u00e3o da encomenda.<\/span><\/span><\/p>\n<\/li>\n<li>\n<p align=\"JUSTIFY\"><span style=\"color: #404040;\"><span style=\"font-family: Arial, serif;\">Preenchendo o formul\u00e1rio de encomenda da loja online <\/span><\/span><span style=\"color: #404040;\"><span style=\"font-family: Arial, serif;\"><b>www.recoveryseed.cz<\/b><\/span><\/span><span style=\"color: #404040;\"><span style=\"font-family: Arial, serif;\">O comprador d\u00e1 o seu consentimento ao vendedor para recolher e arquivar dados pessoais sobre o comprador e as suas compras. Estes dados s\u00f3 ser\u00e3o utilizados para o processamento de uma encomenda espec\u00edfica.<\/span><\/span><\/p>\n<\/li>\n<li>\n<p align=\"JUSTIFY\"><span style=\"color: #404040;\"><span style=\"font-family: Arial, serif;\">O comprador tem o direito de anular a encomenda ou de devolver a mercadoria no prazo de catorze <\/span><\/span><span style=\"color: #404040;\"><span style=\"font-family: Arial, serif;\"><b>(14)<\/b><\/span><\/span> <span style=\"color: #404040;\"><span style=\"font-family: Arial, serif;\"><b>dias<\/b><\/span><\/span><span style=\"color: #404040;\"><span style=\"font-family: Arial, serif;\"> a partir da sua entrega, sem indicar qualquer motivo. Os bens n\u00e3o devem ser utilizados, desgastados ou danificados mecanicamente de qualquer forma e devem ser devolvidos na sua embalagem original. \u00a0<\/span><\/span><\/p>\n<\/li>\n<li>\n<p align=\"JUSTIFY\"><span style=\"color: #404040;\"><span style=\"font-family: Arial, serif;\">O comprador \u00e9 obrigado a receber a mercadoria encomendada e a pagar o pre\u00e7o total. O cliente tem conhecimento do pre\u00e7o total aquando da conclus\u00e3o da encomenda antes da sua confirma\u00e7\u00e3o vinculativa.\u00a0\u00a0<\/span><\/span><\/p>\n<\/li>\n<\/ol>\n<p><span style=\"color: #262626;\"><span style=\"font-family: Arial, serif;\"><u><b>Condi\u00e7\u00f5es de entrega<\/b><\/u><\/span><\/span><span style=\"color: #262626;\"><span style=\"font-family: Arial, serif;\">\u00a0<\/span><\/span><\/p>\n<ol>\n<li>\n<p align=\"JUSTIFY\"><span style=\"color: #262626;\"><span style=\"font-family: Arial, serif;\">O local de execu\u00e7\u00e3o \u00e9 a sede social (resid\u00eancia) ou o local de atividade do comprador, que foi preenchido no formul\u00e1rio de encomenda, a menos que o comprador especifique um local diferente.<\/span><\/span><\/p>\n<\/li>\n<li>\n<p align=\"JUSTIFY\"><span style=\"color: #262626;\"><span style=\"font-family: Arial, serif;\">A entrega de mercadorias \u00e9 considerada como a expedi\u00e7\u00e3o de mercadorias para o comprador no endere\u00e7o especificado na encomenda.<\/span><\/span><\/p>\n<\/li>\n<li>\n<p align=\"JUSTIFY\"><span style=\"color: #262626;\"><span style=\"font-family: Arial, serif;\">O vendedor entregar\u00e1 normalmente a mercadoria no prazo normal de tr\u00eas <\/span><\/span><span style=\"color: #262626;\"><span style=\"font-family: Arial, serif;\"><b>(3) dias \u00fateis<\/b><\/span><\/span><span style=\"color: #262626;\"><span style=\"font-family: Arial, serif;\"> a partir da data de celebra\u00e7\u00e3o do contrato de compra e venda. Se o vendedor verificar que n\u00e3o pode entregar a mercadoria ao comprador dentro do prazo fixado, \u00e9 obrigado a notificar o comprador desse facto sem demora e a inform\u00e1-lo do per\u00edodo de prorroga\u00e7\u00e3o do prazo normal. Se o vendedor n\u00e3o entregar a mercadoria ao comprador dentro do prazo, o comprador tem o direito de rescindir o contrato sem mais explica\u00e7\u00f5es. <\/span><\/span><span style=\"color: #262626;\"><span style=\"font-family: Arial, serif;\"><b>No entanto, tal n\u00e3o se aplica se for especificado um per\u00edodo de entrega mais longo para os bens espec\u00edficos<\/b><\/span><\/span> <span style=\"color: #262626;\"><span style=\"font-family: Arial, serif;\"><b>prazo<\/b><\/span><\/span><span style=\"color: #262626;\"><span style=\"font-family: Arial, serif;\"> - por exemplo, para inser\u00e7\u00f5es personalizadas ou uma gama maior. Neste caso, o prazo de entrega \u00e9 fixado pelo vendedor, depois de se ter familiarizado com a extens\u00e3o e o tipo de modifica\u00e7\u00f5es gr\u00e1ficas, e \u00e9 geralmente de sete<\/span><\/span><span style=\"color: #262626;\"><span style=\"font-family: Arial, serif;\"><b> (7) dias, salvo acordo em contr\u00e1rio entre o Vendedor e o Comprador.<\/b><\/span><\/span><\/p>\n<\/li>\n<li>\n<p align=\"JUSTIFY\"><span style=\"color: #262626;\"><span style=\"font-family: Arial, serif;\">O prazo de entrega previsto no n\u00famero anterior n\u00e3o se aplica aos bens para os quais est\u00e1 expressamente indicado um prazo de entrega mais longo, nomeadamente devido \u00e0 natureza dos bens propostos pelo Vendedor, tais como placas acabadas \u00e0 m\u00e3o e feitas por medida, de acordo com os desejos do cliente, e outro sortido do Vendedor.<\/span><\/span><\/p>\n<\/li>\n<li>\n<p align=\"JUSTIFY\"><span style=\"color: #262626;\"><span style=\"font-family: Arial, serif;\">O Vendedor reserva-se o direito de n\u00e3o fornecer mercadorias que tenham sido descontinuadas, que estejam em rutura de stock ou que tenham sofrido um aumento significativo de pre\u00e7o. O Vendedor \u00e9 obrigado a informar sem demora o Comprador do aumento de pre\u00e7o e a acordar o procedimento de rescis\u00e3o do contrato e de reembolso ao Comprador (caso a encomenda ou a fatura j\u00e1 tenha sido paga), a encomenda de outras mercadorias ou uma compensa\u00e7\u00e3o financeira ou outra compensa\u00e7\u00e3o adequada.<\/span><\/span><\/p>\n<\/li>\n<li>\n<p align=\"JUSTIFY\"><span style=\"color: #262626;\"><span style=\"font-family: Arial, serif;\">O vendedor tem o direito de recusar a encomenda se o comprador n\u00e3o cumprir repetidamente a sua obriga\u00e7\u00e3o de receber a mercadoria e pagar o pre\u00e7o de compra.<\/span><\/span><\/p>\n<\/li>\n<li>\n<p align=\"JUSTIFY\"><span style=\"color: #262626;\"><span style=\"font-family: Arial, serif;\">Os bens s\u00e3o entregues exclusivamente atrav\u00e9s do servi\u00e7o <\/span><\/span><span style=\"color: #262626;\"><span style=\"font-family: Arial, serif;\"><b>Sala de correio<\/b><\/span><\/span><span style=\"color: #262626;\"><span style=\"font-family: Arial, serif;\"> por correio registado para o endere\u00e7o indicado na encomenda para o ponto de expedi\u00e7\u00e3o selecionado da empresa <\/span><\/span><span style=\"color: #262626;\"><span style=\"font-family: Arial, serif;\"><b>Correios ou na esta\u00e7\u00e3o de correios da sucursal local dos Correios checos <\/b><\/span><\/span><span style=\"color: #262626;\"><span style=\"font-family: Arial, serif;\">\/por op\u00e7\u00e3o do comprador\/.<\/span><\/span><\/p>\n<\/li>\n<li>\n<p align=\"JUSTIFY\"><span style=\"color: #262626;\"><span style=\"font-family: Arial, serif;\"><b>Portes de envio para a Rep\u00fablica Checa<\/b><\/span><\/span><span style=\"color: #262626;\"><span style=\"font-family: Arial, serif;\">: o pre\u00e7o de uma expedi\u00e7\u00e3o registada para pr\u00e9-pagamento por cart\u00e3o de cr\u00e9dito ou criptomoeda \u00e9 de <\/span><\/span><span style=\"color: #262626;\"><span style=\"font-family: Arial, serif;\"><b>65,- CZK (depende do tipo de envio escolhido - para o endere\u00e7o \/Envio via Correios checos\/ ou para o ponto de venda selecionado da Z\u00e1silkovna - o pre\u00e7o do envio ser\u00e1 gerado no carrinho de compras de acordo com as especifica\u00e7\u00f5es de cada encomenda individual)<\/b><\/span><\/span><span style=\"color: #262626;\"><span style=\"font-family: Arial, serif;\">O correio registado com pagamento contra entrega, incluindo portes de envio, \u00e9 de <\/span><\/span><span style=\"color: #262626;\"><span style=\"font-family: Arial, serif;\"><b>85,- CZK<\/b><\/span><\/span><span style=\"color: #262626;\"><span style=\"font-family: Arial, serif;\"> (65,- CZK + <\/span><\/span><span style=\"color: #262626;\"><span style=\"font-family: Arial, serif;\"><b>20 CZK,- contra-reembolso<\/b><\/span><\/span><span style=\"color: #262626;\"><span style=\"font-family: Arial, serif;\">)<\/span><\/span><\/p>\n<\/li>\n<li>\n<p align=\"JUSTIFY\"><span style=\"color: #262626;\"><span style=\"font-family: Arial, serif;\">O pre\u00e7o dos portes \u00e9 sempre indicado para um determinado produto ou mercadoria, exceto se o pre\u00e7o dos portes for determinado de outra forma (desconto) por acordo entre o vendedor e o comprador.<\/span><\/span><\/p>\n<\/li>\n<li>\n<p align=\"JUSTIFY\"><span style=\"color: #262626;\">\u00a0<span style=\"font-family: Arial, serif;\">No caso de encomendas de mercadorias com peso superior a 2 kg, os portes podem ser cobrados individualmente, salvo acordo em contr\u00e1rio entre o vendedor e o comprador.<\/span><\/span><\/p>\n<\/li>\n<\/ol>\n<p align=\"JUSTIFY\"><span style=\"color: #262626;\"><span style=\"font-family: Arial, serif;\"><u><b>Pre\u00e7o dos bens e condi\u00e7\u00f5es de pagamento<\/b><\/u><\/span><\/span><span style=\"color: #262626;\"><span style=\"font-family: Arial, serif;\"><b>\u00a0\u00a0<\/b><\/span><\/span><\/p>\n<ol>\n<li>\n<p align=\"JUSTIFY\"><span style=\"color: #262626;\"><span style=\"font-family: Arial, serif;\">O pre\u00e7o de compra dos bens \u00e9 pago com base num pedido de pagamento, ou fatura, antes da entrega dos bens ou com base no pagamento a pronto na entrega.<\/span><\/span><\/p>\n<\/li>\n<li>\n<p align=\"JUSTIFY\"><span style=\"color: #262626;\"><span style=\"font-family: Arial, serif;\">Os pre\u00e7os dos produtos no s\u00edtio Web n\u00e3o incluem os portes de envio. Os seus envios de pratos e outros produtos s\u00e3o embalados em pl\u00e1stico bolha para evitar danos, ou outro material de embalagem de acordo com a natureza das mercadorias entregues.<\/span><\/span><\/p>\n<\/li>\n<li>\n<p align=\"JUSTIFY\"><span style=\"color: #262626;\"><span style=\"font-family: Arial, serif;\">Os pre\u00e7os s\u00e3o em CZK <\/span><\/span><span style=\"color: #262626;\"><span style=\"font-family: Arial, serif;\"><b>com IVA<\/b><\/span><\/span><span style=\"color: #262626;\"><span style=\"font-family: Arial, serif;\">No caso de uma encomenda maior, o vendedor pode fornecer ao comprador <\/span><\/span><span style=\"color: #262626;\"><span style=\"font-family: Arial, serif;\"><b>desconto individual mediante acordo pr\u00e9vio<\/b><\/span><\/span><span style=\"color: #262626;\"><span style=\"font-family: Arial, serif;\">salvo indica\u00e7\u00e3o em contr\u00e1rio. O acima exposto n\u00e3o se aplica a produtos j\u00e1 com desconto. N\u00e3o existe qualquer direito legal a descontos individuais, com exce\u00e7\u00e3o dos descontos anunciados para toda a gama de produtos do Vendedor no s\u00edtio Web do Vendedor ou dos descontos indicados para um produto espec\u00edfico.<\/span><\/span><\/p>\n<\/li>\n<li>\n<p align=\"JUSTIFY\"><span style=\"color: #262626;\"><span style=\"font-family: Arial, serif;\">O vendedor \u00e9 obrigado a enviar ao comprador um documento fiscal.<\/span><\/span><\/p>\n<\/li>\n<\/ol>\n<ol start=\"5\">\n<li>\n<p align=\"JUSTIFY\"><span style=\"color: #404040;\"><span style=\"font-family: Arial, serif;\"><b>O pre\u00e7o dos bens e os custos associados \u00e0 entrega dos bens ao abrigo do Contrato de Compra podem ser pagos pelo Comprador ao Vendedor das seguintes formas:<\/b><\/span><\/span><\/p>\n<\/li>\n<\/ol>\n<ul>\n<li><span style=\"color: #404040;\"><span style=\"font-family: Arial, serif;\">pagamento sem dinheiro por cart\u00e3o de cr\u00e9dito atrav\u00e9s do gateway de pagamento Stripe;<\/span><\/span><\/li>\n<li><span style=\"color: #404040;\"><span style=\"font-family: Arial, serif;\">sem dinheiro atrav\u00e9s do PayPal;<\/span><\/span><\/li>\n<li><span style=\"color: #404040;\"><span style=\"font-family: Arial, serif;\">Sem dinheiro atrav\u00e9s do sistema de pagamento Coinbase Commerce;<\/span><\/span><\/li>\n<li><span style=\"color: #404040;\"><span style=\"font-family: Arial, serif;\">sem dinheiro atrav\u00e9s do gateway de pagamento BTCpay<\/span><\/span><\/li>\n<li><span style=\"color: #404040;\"><span style=\"font-family: Arial, serif;\">dinheiro ou cart\u00e3o de cr\u00e9dito aquando da rece\u00e7\u00e3o dos bens do transportador ou numa sucursal do servi\u00e7o de entregas (contra-reembolso)<\/span><\/span><\/li>\n<\/ul>\n<p align=\"JUSTIFY\"><span style=\"color: #262626;\"><span style=\"font-family: Arial, serif;\">Juntamente com o pre\u00e7o de compra, o comprador \u00e9 tamb\u00e9m obrigado a pagar ao vendedor os custos associados \u00e0 entrega dos bens no montante acordado, exceto se expressamente acordado em contr\u00e1rio. <\/span><\/span><span style=\"color: #262626;\"><span style=\"font-family: Arial, serif;\"><b>Pre\u00e7o de compra<\/b><\/span><\/span><span style=\"color: #262626;\"><span style=\"font-family: Arial, serif;\"> tamb\u00e9m significa os custos associados \u00e0 entrega dos bens.<\/span><\/span><\/p>\n<ol start=\"6\">\n<li>\n<p align=\"JUSTIFY\"><span style=\"color: #262626;\"><span style=\"font-family: Arial, serif;\">O Vendedor n\u00e3o exige do Comprador um dep\u00f3sito ou outro pagamento semelhante. Tal n\u00e3o prejudica as disposi\u00e7\u00f5es dos Termos e Condi\u00e7\u00f5es relativas \u00e0 obriga\u00e7\u00e3o de pagar antecipadamente o pre\u00e7o de compra dos bens ou no caso de o Comprador ter escolhido uma transfer\u00eancia que n\u00e3o seja em numer\u00e1rio (criptomoeda) ou um cart\u00e3o de cr\u00e9dito como m\u00e9todo de pagamento do pre\u00e7o de compra.<\/span><\/span><\/p>\n<\/li>\n<\/ol>\n<p align=\"JUSTIFY\"><span style=\"color: #262626;\"><span style=\"font-family: Arial, serif;\">Em caso de pagamento em numer\u00e1rio ou contra-reembolso, o pre\u00e7o de compra deve ser pago aquando da rece\u00e7\u00e3o dos bens. No caso de pagamento n\u00e3o em numer\u00e1rio, o pre\u00e7o de compra \u00e9 pag\u00e1vel no prazo de tr\u00eas <\/span><\/span><span style=\"color: #262626;\"><span style=\"font-family: Arial, serif;\"><b>(3) dias<\/b><\/span><\/span><span style=\"color: #262626;\"><span style=\"font-family: Arial, serif;\"> a partir da celebra\u00e7\u00e3o do contrato de compra e venda, ou imediatamente, consoante a forma de pagamento escolhida.<\/span><\/span><\/p>\n<p align=\"JUSTIFY\"><span style=\"color: #262626;\"><span style=\"font-family: Arial, serif;\">No caso de um pagamento que n\u00e3o seja em numer\u00e1rio, o comprador \u00e9 obrigado a pagar o pre\u00e7o de compra dos bens juntamente com o s\u00edmbolo vari\u00e1vel do pagamento, ou a indicar o seu nome se n\u00e3o for tamb\u00e9m o titular da conta. Em caso de pagamento que n\u00e3o seja em numer\u00e1rio, a obriga\u00e7\u00e3o do comprador de pagar o pre\u00e7o de compra \u00e9 cumprida quando o montante correspondente \u00e9 creditado na conta do vendedor.<\/span><\/span><\/p>\n<p align=\"JUSTIFY\"><span style=\"color: #262626;\"><span style=\"font-family: Arial, serif;\">No caso de o comprador ter escolhido como m\u00e9todo de pagamento do pre\u00e7o de compra uma transfer\u00eancia eletr\u00f3nica para a conta do vendedor \/ atrav\u00e9s do sistema de pagamento \/ a mercadoria ser\u00e1 enviada depois de o pre\u00e7o de compra ter sido creditado na conta do vendedor.<\/span><\/span><\/p>\n<p align=\"JUSTIFY\"><span style=\"color: #404040;\"><span style=\"font-family: Arial, serif;\">No caso de um pagamento que n\u00e3o seja em numer\u00e1rio, a obriga\u00e7\u00e3o do comprador de pagar o pre\u00e7o de compra \u00e9 cumprida no momento em que o montante relevante \u00e9 creditado na conta do vendedor.<\/span><\/span><\/p>\n<p align=\"JUSTIFY\"><span style=\"color: #404040;\"><span style=\"font-family: Arial, serif;\">O Vendedor tem o direito, especialmente no caso de o Comprador n\u00e3o confirmar a encomenda, de exigir o pagamento da totalidade do pre\u00e7o de compra antes de a mercadoria ser enviada ao Comprador. Disposi\u00e7\u00f5es <\/span><\/span><span style=\"color: #404040;\"><span style=\"font-family: Arial, serif;\"><b>\u00a7 Artigo 2119 (1) do C\u00f3digo Civil<\/b><\/span><\/span><span style=\"color: #404040;\"><span style=\"font-family: Arial, serif;\"> n\u00e3o ser\u00e1 utilizado.<\/span><\/span><\/p>\n<p align=\"JUSTIFY\"><span style=\"color: #262626;\"><span style=\"font-family: Arial, serif;\">Se for habitual na rela\u00e7\u00e3o comercial ou se for estipulado por normas legais geralmente vinculativas, o Vendedor emitir\u00e1 um documento fiscal - uma fatura - ao Comprador relativamente aos pagamentos efectuados ao abrigo do Contrato de Compra. O documento fiscal - fatura ser\u00e1 emitido pelo Vendedor ao Comprador ap\u00f3s o pagamento do pre\u00e7o dos bens e enviado em formato eletr\u00f3nico para o endere\u00e7o eletr\u00f3nico do Comprador.<\/span><\/span><\/p>\n<p align=\"JUSTIFY\"><span style=\"color: #262626;\"><span style=\"font-family: Arial, serif;\">De acordo com a Lei dos Registos de Vendas, o vendedor \u00e9 obrigado a emitir um recibo ao comprador. Ao mesmo tempo, \u00e9 obrigado a registar em linha as vendas recebidas junto do administrador fiscal; em caso de falha t\u00e9cnica, o mais tardar at\u00e9 <\/span><\/span><span style=\"color: #262626;\"><span style=\"font-family: Arial, serif;\"><b>48 horas.<\/b><\/span><\/span><\/p>\n<ol start=\"7\">\n<li>\n<p align=\"JUSTIFY\"><span style=\"color: #262626;\"><span style=\"font-family: Arial, serif;\">Para compras maiores, o comprador pode receber <\/span><\/span><span style=\"color: #262626;\"><span style=\"font-family: Arial, serif;\"><b>desconto<\/b><\/span><\/span><span style=\"color: #262626;\"><span style=\"font-family: Arial, serif;\">. Podem tamb\u00e9m ser concedidos descontos durante eventos de vendas individuais. Estes descontos ser\u00e3o indicados de forma bem vis\u00edvel no s\u00edtio Web do Vendedor. Salvo acordo em contr\u00e1rio, os descontos sobre o pre\u00e7o dos bens fornecidos pelo Vendedor ao Comprador n\u00e3o s\u00e3o acumul\u00e1veis.<\/span><\/span><\/p>\n<\/li>\n<li>\n<p align=\"JUSTIFY\"><span style=\"color: #262626;\"><span style=\"font-family: Arial, serif;\">O vendedor reserva-se o direito de alterar os pre\u00e7os, sendo obrigado a informar imediatamente o comprador. Neste caso, o comprador tem a op\u00e7\u00e3o de aceitar o novo pre\u00e7o ou desistir da encomenda. Se o comprador tiver pago antecipadamente a mercadoria encomendada e rescindir o contrato pelo motivo acima referido, o vendedor reembolsa-lhe o montante total no prazo de cinco dias \u00fateis. <\/span><\/span><span style=\"color: #262626;\"><span style=\"font-family: Arial, serif;\"><b>(5) dias<\/b><\/span><\/span><span style=\"color: #262626;\"><span style=\"font-family: Arial, serif;\"> a partir da entrega da retrata\u00e7\u00e3o por escrito. A retrata\u00e7\u00e3o pode ser apresentada para o endere\u00e7o da sede social da empresa e tamb\u00e9m atrav\u00e9s do endere\u00e7o eletr\u00f3nico do vendedor em\u00a0 <\/span><\/span><\/p>\n<\/li>\n<\/ol>\n<p align=\"JUSTIFY\"><span style=\"color: #404040;\"><span style=\"font-family: Arial, serif;\">Correio eletr\u00f3nico<\/span><\/span><span style=\"color: #2e74b5;\"><span style=\"font-family: Arial, serif;\">:\u00a0<\/span><\/span><span style=\"color: #2e74b5;\"><span style=\"font-family: Arial, serif;\"><u>info@recoveryseed.cz<\/u><\/span><\/span><span style=\"color: #262626;\"><span style=\"font-family: Arial, serif;\">\u00a0<\/span><\/span><\/p>\n<p><span style=\"color: #262626;\"><span style=\"font-family: Arial, serif;\"><u><b>Resolu\u00e7\u00e3o do contrato de compra e venda (devolu\u00e7\u00e3o de mercadorias) Transporte e rece\u00e7\u00e3o de mercadorias<\/b><\/u><\/span><\/span><b><\/b><\/p>\n<p><span style=\"font-family: Arial, serif; color: #333333;\"><b>Descarregue o modelo de resolu\u00e7\u00e3o do contrato de compra e venda AQUI: <\/b><\/span><span style=\"color: #404040;\"><span style=\"font-family: Arial, serif;\"><b><span style=\"color: #262626;\"><a href=\"https:\/\/recoveryseed.cz\/wp-content\/uploads\/2021\/08\/odstoupeni-od-smlouvy-recoveryseed1-1.docx\">descarregar documento<\/a><\/span><\/b><\/span><\/span><\/p>\n<ol>\n<li>\n<p align=\"JUSTIFY\"><span style=\"color: #404040;\"><span style=\"font-family: Arial, serif;\">A menos que o Contrato de Compra e Venda n\u00e3o possa ser rescindido nos termos do artigo 2 abaixo, o Comprador ter\u00e1 o direito de rescindir o Contrato de Compra e Venda no prazo de catorze dias, de acordo com a Sec\u00e7\u00e3o 1829(1) do C\u00f3digo Civil. <\/span><\/span><span style=\"color: #404040;\"><span style=\"font-family: Arial, serif;\"><b>(14)<\/b><\/span><\/span> <span style=\"color: #404040;\"><span style=\"font-family: Arial, serif;\"><b>dias<\/b><\/span><\/span><span style=\"color: #404040;\"><span style=\"font-family: Arial, serif;\"> a partir da data de rece\u00e7\u00e3o dos bens; se o contrato de compra e venda tiver por objeto v\u00e1rios tipos de bens ou a entrega de v\u00e1rias partes, este prazo come\u00e7a a contar a partir da data de rece\u00e7\u00e3o da \u00faltima entrega de bens. A rescis\u00e3o do contrato de compra e venda deve ser enviada ao vendedor dentro do prazo especificado na frase anterior. Para a retrata\u00e7\u00e3o do contrato de compra e venda, o comprador pode utilizar o modelo de formul\u00e1rio fornecido pelo vendedor, que constitui um anexo \u00e0s condi\u00e7\u00f5es gerais. O comprador pode enviar a resolu\u00e7\u00e3o do contrato de compra e venda, entre outros, para o endere\u00e7o da sede social do vendedor <span style=\"color: #262626;\"><b>RECOVERY SEED s.r.o<\/b><\/span><span style=\"color: #262626;\"><b>.<\/b><\/span><span style=\"color: #262626;\">, com sede social <b>Bochenkova 256\/6, 748 01 Hlu\u010d\u00edn<\/b><\/span><\/span><\/span><span style=\"color: #404040;\"><span style=\"font-family: Arial, serif;\">\u00a0ou para o endere\u00e7o de correio eletr\u00f3nico do Vendedor em<\/span><\/span><\/p>\n<\/li>\n<\/ol>\n<p align=\"JUSTIFY\"><span style=\"color: #404040;\"><span style=\"font-family: Arial, serif;\">Correio eletr\u00f3nico: <\/span><\/span><\/p>\n<p align=\"JUSTIFY\"><a href=\"mailto:info@recoveryseed.cz\"><span style=\"font-family: Arial, serif;\">info@recoveryseed.cz<\/span><\/a><\/p>\n<ol start=\"2\">\n<li>\n<p align=\"JUSTIFY\"><span style=\"color: #262626;\"><span style=\"font-family: Arial, serif;\">O comprador tem o direito, de acordo com o C\u00f3digo Civil alterado, de rescindir o contrato no prazo de catorze <\/span><\/span><span style=\"color: #262626;\"><span style=\"font-family: Arial, serif;\"><b>(14)<\/b><\/span><\/span> <span style=\"color: #262626;\"><span style=\"font-family: Arial, serif;\"><b>dias<\/b><\/span><\/span><span style=\"color: #262626;\"><span style=\"font-family: Arial, serif;\"> a partir da rece\u00e7\u00e3o das mercadorias.\u00a0<\/span><\/span><span style=\"color: #404040;\"><span style=\"font-family: Arial, serif;\"><span style=\"font-size: medium;\">Em caso de rescis\u00e3o do contrato de compra e venda das condi\u00e7\u00f5es gerais, o contrato de compra e venda \u00e9 anulado desde o in\u00edcio.<\/span><\/span><\/span><\/p>\n<\/li>\n<\/ol>\n<p align=\"JUSTIFY\"><span style=\"color: #262626;\"><span style=\"font-family: Arial, serif;\">O comprador reconhece que, de acordo com as disposi\u00e7\u00f5es do \u00a7 1837 do C\u00f3digo Civil, n\u00e3o \u00e9 poss\u00edvel rescindir o contrato<\/span><\/span><\/p>\n<ul>\n<li>\n<p align=\"JUSTIFY\"><span style=\"color: #262626;\"><span style=\"font-family: Arial, serif;\"><b>o contrato de compra e venda para a entrega de bens que tenham sido modificados de acordo com a vontade do comprador ou para a sua pessoa; os pratos modificados de acordo com a vontade do comprador n\u00e3o podem ser retirados e os bens devolvidos sem justifica\u00e7\u00e3o, as outras disposi\u00e7\u00f5es do C\u00f3digo Civil relativas ao procedimento de reclama\u00e7\u00e3o n\u00e3o s\u00e3o afectadas por este facto (ver artigo \"<\/b><\/span><\/span><span style=\"color: #262626;\"><span style=\"font-family: Arial, serif;\"><u><b>Garantia e reclama\u00e7\u00f5es<\/b><\/u><\/span><\/span><span style=\"color: #262626;\"><span style=\"font-family: Arial, serif;\"><b>\" abaixo)<\/b><\/span><\/span><\/p>\n<\/li>\n<li>\n<p align=\"JUSTIFY\"><span style=\"color: #262626;\"><span style=\"font-family: Arial, serif;\">de um contrato de fornecimento de bens perec\u00edveis; bem como de bens que tenham sido irremediavelmente misturados com outros bens ap\u00f3s a entrega; <\/span><\/span><\/p>\n<\/li>\n<li>\n<p align=\"JUSTIFY\"><span style=\"color: #262626;\"><span style=\"font-family: Arial, serif;\">de um contrato de compra e venda para o fornecimento de bens em embalagens seladas que o consumidor retirou da embalagem e que n\u00e3o podem ser devolvidas por raz\u00f5es de higiene (para evitar d\u00favidas, declara-se que esses bens n\u00e3o s\u00e3o a bolacha ou o acess\u00f3rio adquiridos) <\/span><\/span><\/p>\n<\/li>\n<li>\n<p align=\"JUSTIFY\"><span style=\"color: #262626;\"><span style=\"font-family: Arial, serif;\">do contrato de venda para o fornecimento de uma grava\u00e7\u00e3o \u00e1udio ou visual ou de um programa de computador, se tiver danificado a sua embalagem original (se tais grava\u00e7\u00f5es estiverem inclu\u00eddas no envio).<\/span><\/span><\/p>\n<\/li>\n<\/ul>\n<ol start=\"3\">\n<li>\n<p align=\"JUSTIFY\"><span style=\"color: #262626;\"><span style=\"font-family: Arial, serif;\">Se optar por faz\u00ea-lo, deve entregar a mercadoria n\u00e3o danificada e desembalada, sem sinais de utiliza\u00e7\u00e3o ou desgaste, na sua embalagem original, a expensas suas, de volta no prazo especificado (a data de expedi\u00e7\u00e3o \u00e9 decisiva) ao ponto de expedi\u00e7\u00e3o da esta\u00e7\u00e3o de correios onde a encomenda foi levantada pelo comprador. Depois de receber a mercadoria devolvida e de a inspecionar, o vendedor deve devolv\u00ea-la no prazo de catorze dias \u00fateis. <\/span><\/span><span style=\"color: #262626;\"><span style=\"font-family: Arial, serif;\"><b>(14) dias<\/b><\/span><\/span><span style=\"color: #262626;\"><span style=\"font-family: Arial, serif;\"> devolver o montante correspondente ao cliente de uma forma previamente acordada. O Vendedor n\u00e3o \u00e9 obrigado a aceitar a devolu\u00e7\u00e3o de mercadorias enviadas para o endere\u00e7o do Vendedor aquando da entrega. <\/span><\/span><\/p>\n<\/li>\n<li>\n<p align=\"JUSTIFY\"><span style=\"color: #262626;\"><span style=\"font-family: Arial, serif;\">Se o Vendedor for obrigado, nos termos do Contrato de Compra, a entregar os bens no local especificado pelo Comprador na encomenda, o Comprador \u00e9 obrigado a receber os bens no ato da entrega.<\/span><\/span> <span style=\"color: #404040;\"><span style=\"font-family: Arial, serif;\">No caso de o comprador n\u00e3o tomar posse das mercadorias ou n\u00e3o rescindir o contrato de compra e venda em conformidade com os presentes termos e condi\u00e7\u00f5es, o vendedor tem direito a uma indemniza\u00e7\u00e3o pelos custos associados \u00e0 entrega das mercadorias e ao seu armazenamento (para armazenamento no vendedor por cada dia de atraso no montante m\u00e1ximo de 10 CZK, mas no m\u00e1ximo de 500 CZK no total ou at\u00e9 ao pre\u00e7o de compra se este for inferior a 500 CZK), bem como outros custos incorridos pelo vendedor devido \u00e0 n\u00e3o aceita\u00e7\u00e3o das mercadorias pelo comprador e tem o direito de rescindir o contrato de compra e venda.<\/span><\/span><\/p>\n<\/li>\n<li>\n<p align=\"JUSTIFY\"><span style=\"color: #404040;\"><span style=\"font-family: Arial, serif;\">No caso de o m\u00e9todo de transporte ser acordado com base num pedido especial do comprador, o comprador suporta o risco e quaisquer custos adicionais associados a este m\u00e9todo de transporte.<\/span><\/span><\/p>\n<\/li>\n<li>\n<p align=\"JUSTIFY\"><span style=\"color: #404040;\"><span style=\"font-family: Arial, serif;\">A entrega das mercadorias ao abrigo dos presentes termos e condi\u00e7\u00f5es significa o momento da entrega das mercadorias ao comprador em conformidade com o contrato de compra e venda. A recusa injustificada da mercadoria pelo comprador n\u00e3o ser\u00e1 considerada como uma falha do vendedor na entrega da mercadoria.<\/span><\/span><\/p>\n<\/li>\n<li>\n<p align=\"JUSTIFY\"><span style=\"color: #262626;\"><span style=\"font-family: Arial, serif;\">Se, por raz\u00f5es imput\u00e1veis ao comprador, for necess\u00e1rio entregar os bens repetidamente ou de uma forma diferente da especificada na encomenda, o comprador \u00e9 obrigado a pagar os custos associados \u00e0 entrega repetida dos bens ou os custos associados a um m\u00e9todo de entrega diferente.<\/span><\/span><\/p>\n<\/li>\n<li>\n<p align=\"JUSTIFY\"><span style=\"color: #262626;\"><span style=\"font-family: Arial, serif;\">Ap\u00f3s a rece\u00e7\u00e3o das mercadorias do transportador, o comprador \u00e9 obrigado a verificar a integridade da embalagem das mercadorias e, em caso de defeitos, notificar imediatamente o transportador. Em caso de viola\u00e7\u00e3o da embalagem que indique uma intrus\u00e3o n\u00e3o autorizada no envio, o comprador n\u00e3o pode aceitar o envio do transportador.<\/span><\/span><\/p>\n<\/li>\n<li>\n<p align=\"JUSTIFY\"><span style=\"color: #262626;\"><span style=\"font-family: Arial, serif;\">Outros direitos e obriga\u00e7\u00f5es das partes no transporte de mercadorias podem ser regulados na franquia ou noutras partes das presentes condi\u00e7\u00f5es gerais.<\/span><\/span><\/p>\n<\/li>\n<li>\n<p align=\"JUSTIFY\"><span style=\"color: #262626;\"><span style=\"font-family: Arial, serif;\">As condi\u00e7\u00f5es acima referidas tamb\u00e9m se aplicam no caso de compra de mercadorias na sede da empresa, se este m\u00e9todo de compra for acordado individualmente entre o vendedor e o comprador. Aquando da aquisi\u00e7\u00e3o dos bens, o comprador est\u00e1 devidamente informado sobre o estado e a qualidade do produto adquirido. Os bens adquiridos podem ser devolvidos para o endere\u00e7o de expedi\u00e7\u00e3o do vendedor no prazo de catorze <\/span><\/span><span style=\"color: #262626;\"><span style=\"font-family: Arial, serif;\"><b>(14) dias<\/b><\/span><\/span><span style=\"color: #262626;\"><span style=\"font-family: Arial, serif;\"> a partir da data de compra (data de entrega dos bens no endere\u00e7o do local de entrega, por qualquer meio), com a inten\u00e7\u00e3o de rescindir o contrato e de reembolsar o dinheiro. Salvo indica\u00e7\u00e3o em contr\u00e1rio, os bens devolvidos n\u00e3o devem ter sido gastos, utilizados ou danificados mecanicamente e devem ser devolvidos na sua embalagem de origem. As disposi\u00e7\u00f5es que regem a devolu\u00e7\u00e3o e a restitui\u00e7\u00e3o de bens personalizados n\u00e3o s\u00e3o afectadas.<\/span><\/span><\/p>\n<\/li>\n<li>\n<p align=\"JUSTIFY\"><span style=\"color: #262626;\"><span style=\"font-family: Arial, serif;\">Quaisquer reclama\u00e7\u00f5es e exig\u00eancias posteriores do cliente n\u00e3o s\u00e3o consideradas como uma rescis\u00e3o do contrato na ace\u00e7\u00e3o do C\u00f3digo Civil e de outras disposi\u00e7\u00f5es e ser\u00e3o tratadas no \u00e2mbito do procedimento de reclama\u00e7\u00e3o do Vendedor a seguir descrito.\u00a0<\/span><\/span><\/p>\n<\/li>\n<li>\n<p align=\"JUSTIFY\"><span style=\"color: #404040;\"><span style=\"font-family: Arial, serif;\">O comprador adquire a propriedade dos bens mediante o pagamento da totalidade do pre\u00e7o de compra dos bens (incluindo os custos de embalagem e entrega), mas n\u00e3o antes de tomar posse dos bens. A responsabilidade pela destrui\u00e7\u00e3o, dano ou perda acidental dos bens passa para o comprador no momento da entrega dos bens ou no momento em que o comprador era obrigado a receber os bens, mas n\u00e3o o fez em viola\u00e7\u00e3o do contrato de venda (ou seja, geralmente quando os bens est\u00e3o prontos para serem entregues).<\/span><\/span><\/p>\n<\/li>\n<\/ol>\n<p align=\"JUSTIFY\"><span style=\"color: #262626;\"><span style=\"font-family: Arial, serif;\"><u><b>Prote\u00e7\u00e3o de dados pessoais<\/b><\/u><\/span><\/span><span style=\"color: #262626;\"><span style=\"font-family: Arial, serif;\"><b>\u00a0<\/b><\/span><\/span><\/p>\n<ol>\n<li>\n<p align=\"JUSTIFY\"><span style=\"color: #262626;\"><span style=\"font-family: Arial, serif;\">Todas as informa\u00e7\u00f5es pessoais fornecidas no momento da encomenda, tanto pelo comprador como pelo vendedor, s\u00e3o confidenciais e s\u00f3 ser\u00e3o utilizadas da forma a seguir indicada.<\/span><\/span><\/p>\n<\/li>\n<li>\n<p align=\"JUSTIFY\"><span style=\"color: #262626;\"><span style=\"font-family: Arial, serif;\">O Vendedor \u00e9 obrigado a retirar o cliente registado da base de dados se o cliente o solicitar por escrito (por correio eletr\u00f3nico).<\/span><\/span><\/p>\n<\/li>\n<li>\n<p align=\"JUSTIFY\"><span style=\"color: #262626;\"><span style=\"font-family: Arial, serif;\">Todo o tratamento de dados pessoais na loja online e na interface web do vendedor \u00e9 regido pela lei <\/span><\/span><span style=\"color: #262626;\"><span style=\"font-family: Arial, serif;\"><b>101\/2000 Coll. sobre a prote\u00e7\u00e3o dos dados pessoais.<\/b><\/span><\/span><\/p>\n<\/li>\n<li>\n<p align=\"JUSTIFY\"><span style=\"color: #262626;\"><span style=\"font-family: Arial, serif;\">O Vendedor declara estar consciente da import\u00e2ncia da prote\u00e7\u00e3o desses dados e do cumprimento de todas as normas legais relacionadas com a sua utiliza\u00e7\u00e3o. Quaisquer informa\u00e7\u00f5es obtidas no decurso da atividade comercial n\u00e3o ser\u00e3o divulgadas a terceiros nem utilizadas de outra forma que n\u00e3o a especificada. Qualquer outra utiliza\u00e7\u00e3o das informa\u00e7\u00f5es obtidas ser\u00e1 objeto de consulta pr\u00e9via ao comprador espec\u00edfico.<\/span><\/span><\/p>\n<\/li>\n<li>\n<p align=\"JUSTIFY\"><span style=\"color: #262626;\"><span style=\"font-family: Arial, serif;\">O Vendedor utilizar\u00e1 as informa\u00e7\u00f5es obtidas exclusivamente para efeitos de rela\u00e7\u00f5es comerciais com os seus clientes.<\/span><\/span><\/p>\n<\/li>\n<li>\n<p align=\"JUSTIFY\"><span style=\"color: #262626;\"><span style=\"font-family: Arial, serif;\">Empresa <span style=\"color: #404040;\"><b>RECOVERY SEED s.r.o<\/b><\/span><b>.<\/b><\/span><\/span><span style=\"color: #262626;\"><span style=\"font-family: Arial, serif;\">\u00a0utiliza o correio eletr\u00f3nico (a seguir designado por e-mail) ou um n\u00famero de telefone sob a forma de sms, consoante o servi\u00e7o escolhido. Alguns processos comerciais utilizam automaticamente o endere\u00e7o de correio eletr\u00f3nico fornecido no formul\u00e1rio de registo para comunicar com o utilizador. Trata-se, nomeadamente, da verifica\u00e7\u00e3o dos dados pessoais introduzidos, do envio de dados de acesso \u00e0 conta cliente, da notifica\u00e7\u00e3o do estado da encomenda ou do envio de uma newsletter.\u00a0<\/span><\/span><\/p>\n<\/li>\n<li>\n<p align=\"JUSTIFY\"><span style=\"color: #404040;\"><span style=\"font-family: Arial, serif;\">do Regulamento 2016\/679 do Parlamento Europeu e do Conselho relativo \u00e0 prote\u00e7\u00e3o das pessoas singulares no que diz respeito ao tratamento de dados pessoais e \u00e0 livre circula\u00e7\u00e3o desses dados e que revoga a Diretiva 95\/46\/CE (Regulamento Geral sobre a Prote\u00e7\u00e3o de Dados) (a seguir designado por \"<\/span><\/span><span style=\"color: #404040;\"><span style=\"font-family: Arial, serif;\"><b>RGPD<\/b><\/span><\/span><span style=\"color: #404040;\"><span style=\"font-family: Arial, serif;\">\") relacionados com o tratamento dos dados pessoais do Comprador para efeitos de execu\u00e7\u00e3o do Contrato de Compra e Venda, para efeitos de negocia\u00e7\u00e3o do Contrato de Compra e Venda e para efeitos de cumprimento das obriga\u00e7\u00f5es de direito p\u00fablico do Vendedor ser\u00e3o efectuados pelo Vendedor atrav\u00e9s de um documento separado.<\/span><\/span><\/p>\n<\/li>\n<\/ol>\n<p align=\"JUSTIFY\"><span style=\"color: #262626;\"><span style=\"font-family: Arial, serif;\">Os termos e condi\u00e7\u00f5es para a prote\u00e7\u00e3o dos dados pessoais do comprador, que \u00e9 uma pessoa singular, podem ser consultados aqui:\u00a0<\/span><\/span><span style=\"color: #2980b9;\"><span style=\"font-family: Arial, serif;\"><u>Pol\u00edtica de privacidade (RGPD)<\/u><\/span><\/span><span style=\"color: #262626;\"><span style=\"font-family: Arial, serif;\">\u00a0<\/span><\/span><\/p>\n<p align=\"JUSTIFY\"><span style=\"color: #262626;\"><span style=\"font-family: Arial, serif;\"><u><b>Disposi\u00e7\u00f5es finais<\/b><\/u><\/span><\/span><span style=\"color: #262626;\"><span style=\"font-family: Arial, serif;\"><b>\u00a0\u00a0<\/b><\/span><\/span><\/p>\n<ol>\n<li>\n<p align=\"JUSTIFY\"><span style=\"color: #262626;\"><span style=\"font-family: Arial, serif;\">Estes termos e condi\u00e7\u00f5es s\u00e3o v\u00e1lidos na reda\u00e7\u00e3o especificada no s\u00edtio Web do Vendedor na data de compra das mercadorias na loja virtual, sendo decisiva a data de envio da encomenda eletr\u00f3nica pelo Comprador.<\/span><\/span><\/p>\n<\/li>\n<li>\n<p align=\"JUSTIFY\"><span style=\"color: #262626;\"><span style=\"font-family: Arial, serif;\">Ao enviar uma encomenda eletr\u00f3nica, o comprador aceita todas as disposi\u00e7\u00f5es das condi\u00e7\u00f5es gerais alteradas, salvo acordo em contr\u00e1rio.<\/span><\/span><\/p>\n<\/li>\n<\/ol>\n<p align=\"JUSTIFY\"><span style=\"color: #262626;\"><span style=\"font-family: Arial, serif;\"><u><b>Garantia e queixas (procedimento de queixa)<\/b><\/u><\/span><\/span><\/p>\n<p align=\"JUSTIFY\"><span style=\"color: #262626;\">\u00a0<span style=\"font-family: Arial, serif;\"><b>I.<\/b><\/span><\/span><span style=\"color: #262626;\"><span style=\"font-family: Arial, serif;\">\u00a0\u00a0\u00a0\u00a0\u00a0\u00a0\u00a0\u00a0 <\/span><\/span><span style=\"color: #262626;\"><span style=\"font-family: Arial, serif;\"><b>Condi\u00e7\u00f5es de garantia<\/b><\/span><\/span><span style=\"color: #262626;\"><span style=\"font-family: Arial, serif;\">\u00a0<\/span><\/span><\/p>\n<p align=\"JUSTIFY\"><span style=\"color: #262626;\"><span style=\"font-family: Arial, serif;\">O operador da loja online (doravante designado por vendedor) oferece uma garantia para os produtos no \u00e2mbito da regulamenta\u00e7\u00e3o geral aplic\u00e1vel. \u00a0\u00a0\u00a0\u00a0\u00a0\u00a0\u00a0\u00a0\u00a0\u00a0\u00a0\u00a0\u00a0\u00a0\u00a0\u00a0\u00a0\u00a0\u00a0\u00a0\u00a0\u00a0\u00a0\u00a0\u00a0\u00a0\u00a0\u00a0\u00a0\u00a0\u00a0\u00a0\u00a0\u00a0\u00a0\u00a0\u00a0\u00a0<\/span><\/span><\/p>\n<p align=\"JUSTIFY\"><span style=\"color: #262626;\"><span style=\"font-family: Arial, serif;\">O presente procedimento de reclama\u00e7\u00e3o foi elaborado de acordo com as disposi\u00e7\u00f5es relevantes da Lei n.\u00ba 89\/2012 Coll., o C\u00f3digo Civil. Os direitos e obriga\u00e7\u00f5es do Vendedor e do Cliente no que diz respeito \u00e0 garantia do Vendedor relativamente \u00e0 qualidade dos bens aquando da sua aceita\u00e7\u00e3o e aos direitos do Cliente em caso de desempenho defeituoso s\u00e3o regidos, em particular, pelas disposi\u00e7\u00f5es do <\/span><\/span><span style=\"color: #262626;\"><span style=\"font-family: Arial, serif;\"><b>\u00a7 2161 e seguintes do C\u00f3digo Civil<\/b><\/span><\/span><span style=\"color: #262626;\"><span style=\"font-family: Arial, serif;\"> e as disposi\u00e7\u00f5es pertinentes <\/span><\/span><span style=\"color: #262626;\"><span style=\"font-family: Arial, serif;\"><b>Lei n.\u00ba 634\/1992 Coll. sobre a prote\u00e7\u00e3o dos consumidores.\u00a0<\/b><\/span><\/span><\/p>\n<p align=\"JUSTIFY\"><span style=\"color: #262626;\"><span style=\"font-family: Arial, serif;\">As reivindica\u00e7\u00f5es de responsabilidade n\u00e3o se aplicam a defeitos causados por:\u00a0<\/span><\/span><\/p>\n<ul>\n<li>\n<p align=\"JUSTIFY\"><span style=\"color: #262626;\"><span style=\"font-family: Arial, serif;\">Danos mec\u00e2nicos<\/span><\/span><\/p>\n<\/li>\n<li>\n<p align=\"JUSTIFY\"><span style=\"color: #262626;\"><span style=\"font-family: Arial, serif;\">Desgaste normal em condi\u00e7\u00f5es normais de utiliza\u00e7\u00e3o<\/span><\/span><\/p>\n<\/li>\n<li>\n<p align=\"JUSTIFY\"><span style=\"color: #262626;\"><span style=\"font-family: Arial, serif;\">Altera\u00e7\u00f5es nas cores da galvaniza\u00e7\u00e3o<\/span><\/span><\/p>\n<\/li>\n<li>\n<p align=\"JUSTIFY\"><span style=\"color: #262626;\"><span style=\"font-family: Arial, serif;\">Manuseamento e manuten\u00e7\u00e3o inadequados<\/span><\/span><\/p>\n<\/li>\n<li>\n<p align=\"JUSTIFY\"><span style=\"color: #262626;\"><span style=\"font-family: Arial, serif;\">Influ\u00eancias externas<\/span><\/span><\/p>\n<\/li>\n<li>\n<p align=\"JUSTIFY\"><span style=\"color: #262626;\"><span style=\"font-family: Arial, serif;\">Interven\u00e7\u00e3o de um terceiro<\/span><\/span><\/p>\n<\/li>\n<\/ul>\n<p align=\"CENTER\"><span style=\"color: #262626;\"><span style=\"font-family: Arial, serif;\">AVISO<\/span><\/span><\/p>\n<p align=\"CENTER\"><span style=\"color: #262626;\"><span style=\"font-family: Arial, serif;\">Para preservar a longo prazo o aspeto original dos produtos, recomendamos que estes n\u00e3o sejam expostos desnecessariamente \u00e0s intemp\u00e9ries externas.  Embora os nossos produtos sejam dur\u00e1veis (resistentes ao calor), n\u00e3o devem entrar em contacto indesejado e prolongado com a \u00e1gua, o que pode encurtar a sua vida \u00fatil e provocar altera\u00e7\u00f5es na cor da galvaniza\u00e7\u00e3o ou outras altera\u00e7\u00f5es no acabamento da superf\u00edcie da gama b\u00e1sica e adicional.<\/span><\/span><\/p>\n<ol>\n<li>\n<p align=\"JUSTIFY\"><span style=\"color: #262626;\"><span style=\"font-family: Arial, serif;\">A notifica\u00e7\u00e3o de quaisquer defeitos detectados deve ser feita pelo comprador por escrito (por correio eletr\u00f3nico) sem demora injustificada, de prefer\u00eancia no prazo de cinco <\/span><\/span><span style=\"color: #262626;\"><span style=\"font-family: Arial, serif;\"><b>(5) dias<\/b><\/span><\/span><span style=\"color: #262626;\"><span style=\"font-family: Arial, serif;\"> a partir da descoberta do defeito. O comprador deve enviar a notifica\u00e7\u00e3o do defeito com a respectiva especifica\u00e7\u00e3o para a sede social ou para o endere\u00e7o eletr\u00f3nico do vendedor. <\/span><\/span><\/p>\n<\/li>\n<li>\n<p align=\"JUSTIFY\"><span style=\"color: #262626;\"><span style=\"font-family: Arial, serif;\">O comprador \u00e9 obrigado a indicar o n\u00famero de encomenda, fornecer a prova de compra da mercadoria (fatura, guia de remessa, prova de pagamento \/ recibo EET em modo normal\/. Sem a apresenta\u00e7\u00e3o de uma prova de compra v\u00e1lida (em caso de perda), o Vendedor s\u00f3 pode aceitar a reclama\u00e7\u00e3o se se tratar de um produto original do Vendedor, quando este puder identificar a mercadoria com base neste facto.<\/span><\/span><\/p>\n<\/li>\n<li>\n<p align=\"JUSTIFY\"><span style=\"color: #262626;\"><span style=\"font-family: Arial, serif;\">O vendedor deve decidir sobre a reclama\u00e7\u00e3o no prazo de tr\u00eas <\/span><\/span><span style=\"color: #262626;\"><span style=\"font-family: Arial, serif;\"><b>(3) dias \u00fateis<\/b><\/span><\/span><span style=\"color: #262626;\"><span style=\"font-family: Arial, serif;\"> e notificar o comprador por correio eletr\u00f3nico, mensagem de texto ou telefone, salvo acordo em contr\u00e1rio.<\/span><\/span><\/p>\n<\/li>\n<li>\n<p align=\"JUSTIFY\"><span style=\"color: #262626;\"><span style=\"font-family: Arial, serif;\">As reclama\u00e7\u00f5es ser\u00e3o resolvidas pelo Vendedor sem demora injustificada, no prazo de trinta <\/span><\/span><span style=\"color: #262626;\"><span style=\"font-family: Arial, serif;\"><b>(30) dias<\/b><\/span><\/span><span style=\"color: #262626;\"><span style=\"font-family: Arial, serif;\"> a partir da data da reclama\u00e7\u00e3o, exceto se o vendedor e o comprador acordarem em contr\u00e1rio.<\/span><\/span><\/p>\n<\/li>\n<li>\n<p align=\"JUSTIFY\"><span style=\"color: #262626;\"><span style=\"font-family: Arial, serif;\">As reclama\u00e7\u00f5es relativas \u00e0 diferen\u00e7a de aspeto dos produtos em fun\u00e7\u00e3o da resolu\u00e7\u00e3o de cor do monitor do computador n\u00e3o podem ser motivo de devolu\u00e7\u00e3o.\u00a0\u00a0\u00a0\u00a0<\/span><\/span><\/p>\n<\/li>\n<\/ol>\n<p align=\"JUSTIFY\"><span style=\"color: #262626;\">\u00a0\u00a0\u00a0\u00a0\u00a0\u00a0\u00a0\u00a0<\/span><span style=\"color: #262626;\">\u00a0<\/span><span style=\"color: #262626;\"><span style=\"font-family: Arial, serif;\"><b>II.            Resolu\u00e7\u00e3o do contrato e devolu\u00e7\u00e3o dos bens\u00a0<\/b><\/span><\/span><\/p>\n<ol>\n<li>\n<p align=\"JUSTIFY\"><span style=\"color: #262626;\"><span style=\"font-family: Arial, serif;\">A rescis\u00e3o do contrato \u00e9 regida pelo C\u00f3digo Civil, com a reda\u00e7\u00e3o que lhe foi dada pelas leis e regulamentos posteriores.<\/span><\/span><\/p>\n<\/li>\n<li>\n<p align=\"JUSTIFY\"><span style=\"color: #262626;\"><span style=\"font-family: Arial, serif;\">Em conformidade com a disposi\u00e7\u00e3o <\/span><\/span><span style=\"color: #262626;\"><span style=\"font-family: Arial, serif;\"><b>\u00a7 Sec\u00e7\u00e3o 1829(1) do C\u00f3digo Civil<\/b><\/span><\/span><span style=\"color: #262626;\"><span style=\"font-family: Arial, serif;\">\u00a0o direito de rescindir o contrato no prazo de<\/span><\/span><b> <\/b><span style=\"color: #262626;\"><span style=\"font-family: Arial, serif;\">Catorze<\/span><\/span><span style=\"color: #262626;\"><span style=\"font-family: Arial, serif;\"><b> (14) dias<\/b><\/span><\/span><span style=\"color: #262626;\"><span style=\"font-family: Arial, serif;\"> a partir da rece\u00e7\u00e3o da mercadoria, sem indica\u00e7\u00e3o do motivo.<\/span><\/span><\/p>\n<\/li>\n<li>\n<p align=\"JUSTIFY\"><span style=\"color: #262626;\"><span style=\"font-family: Arial, serif;\">As mercadorias devolvidas devem estar intactas e sem sinais de utiliza\u00e7\u00e3o e devem ser devolvidas na sua embalagem original. Se n\u00e3o for poss\u00edvel devolver a mercadoria na sua embalagem original, o vendedor pode reclamar os custos de reembalagem da mercadoria.<\/span><\/span><\/p>\n<\/li>\n<li>\n<p align=\"JUSTIFY\"><span style=\"color: #262626;\"><span style=\"font-family: Arial, serif;\">Comprador <\/span><\/span><span style=\"color: #262626;\"><span style=\"font-family: Arial, serif;\"><b>n\u00e3o tem direito<\/b><\/span><\/span><span style=\"color: #262626;\"><span style=\"font-family: Arial, serif;\"> rescindir o contrato de compra e venda sem indicar qualquer motivo, se <\/span><\/span><span style=\"color: #262626;\"><span style=\"font-family: Arial, serif;\"><b>os bens tenham sido feitos por encomenda (ver produtos originais do vendedor) ou os bens tenham sido modificados de outra forma de acordo com os desejos do cliente (de acordo com as disposi\u00e7\u00f5es do C\u00f3digo Civil). <\/b><\/span><\/span><span style=\"color: #262626;\"><span style=\"font-family: Arial, serif;\">As disposi\u00e7\u00f5es gerais relativas aos direitos do comprador e aos seus direitos em mat\u00e9ria de garantia, reclama\u00e7\u00e3o e resolu\u00e7\u00e3o do contrato n\u00e3o s\u00e3o afectadas.<\/span><\/span><\/p>\n<\/li>\n<li>\n<p align=\"JUSTIFY\"><span style=\"color: #262626;\"><span style=\"font-family: Arial, serif;\">O comprador \u00e9 obrigado a informar o vendedor por escrito (correio eletr\u00f3nico) antes de devolver a mercadoria.<\/span><\/span><\/p>\n<\/li>\n<li>\n<p align=\"JUSTIFY\"><span style=\"color: #404040;\"><span style=\"font-family: Arial, serif;\">Se o comprador rescindir o contrato de compra e venda, suporta os custos associados \u00e0 devolu\u00e7\u00e3o dos bens ao vendedor, mesmo que os bens n\u00e3o possam ser devolvidos, devido \u00e0 sua natureza, pela via postal habitual.<\/span><\/span><\/p>\n<\/li>\n<li>\n<p align=\"JUSTIFY\"><span style=\"color: #262626;\"><span style=\"font-family: Arial, serif;\">No caso de devolu\u00e7\u00e3o de mercadorias atrav\u00e9s de um servi\u00e7o de transporte, as mercadorias devem ser suficientemente embaladas para evitar danos durante o transporte. O vendedor reserva-se o direito de n\u00e3o aceitar um envio mal embalado ou danificado pelo transporte.<\/span><\/span><\/p>\n<\/li>\n<li>\n<p align=\"JUSTIFY\"><span style=\"color: #404040;\"><span style=\"font-family: Arial, serif;\"><b>Os bens devem ser devolvidos ao vendedor completos, incluindo quaisquer ofertas com a compra<\/b><\/span><\/span><span style=\"color: #404040;\"><span style=\"font-family: Arial, serif;\">. Se for oferecido um presente ao comprador juntamente com a mercadoria, o contrato de oferta entre o vendedor e o comprador \u00e9 celebrado na condi\u00e7\u00e3o de que, se o comprador rescindir o contrato de compra e venda, o contrato de oferta relativo a esse presente deixa de produzir efeitos e o comprador \u00e9 obrigado a devolver o presente juntamente com a mercadoria ao vendedor. Se o comprador n\u00e3o cumprir esta condi\u00e7\u00e3o, o vendedor tem o direito de reduzir o pre\u00e7o de compra em conformidade (compensa\u00e7\u00e3o).<\/span><\/span><\/p>\n<\/li>\n<li>\n<p align=\"JUSTIFY\"><span style=\"color: #262626;\"><span style=\"font-family: Arial, serif;\">Em caso de resolu\u00e7\u00e3o do contrato de compra e venda, o vendedor devolver\u00e1 os fundos recebidos do comprador no prazo de catorze <\/span><\/span><span style=\"color: #262626;\"><span style=\"font-family: Arial, serif;\"><b>(14) dias<\/b><\/span><\/span><span style=\"color: #262626;\"><span style=\"font-family: Arial, serif;\"> a partir da rescis\u00e3o do contrato de compra pelo comprador, da mesma forma que o vendedor a aceitou do comprador. O vendedor tamb\u00e9m tem o direito de devolver a presta\u00e7\u00e3o fornecida pelo comprador aquando da devolu\u00e7\u00e3o das mercadorias pelo comprador ou de outra forma, desde que o comprador concorde com isso e n\u00e3o sejam incorridos custos adicionais pelo comprador. Se o comprador rescindir o contrato de compra e venda, o vendedor n\u00e3o \u00e9 obrigado a devolver os fundos recebidos ao comprador antes de este lhe devolver a mercadoria ou provar que enviou a mercadoria ao vendedor.<\/span><\/span><\/p>\n<\/li>\n<li>\n<p align=\"JUSTIFY\"><span style=\"color: #262626;\"><span style=\"font-family: Arial, serif;\">O Vendedor tem o direito de compensar unilateralmente o pedido de pagamento por danos na mercadoria com o pedido de reembolso do comprador do pre\u00e7o de compra.<\/span><\/span><\/p>\n<\/li>\n<li>\n<p align=\"JUSTIFY\"><span style=\"color: #262626;\"><span style=\"font-family: Arial, serif;\">Nos casos em que o comprador tenha, em conformidade com a disposi\u00e7\u00e3o <\/span><\/span><span style=\"color: #262626;\"><span style=\"font-family: Arial, serif;\"><b>\u00a7 Sec\u00e7\u00e3o 1829(1) do C\u00f3digo Civil<\/b><\/span><\/span><span style=\"color: #262626;\"><span style=\"font-family: Arial, serif;\"> o direito de rescindir o contrato de compra e venda, <\/span><\/span><span style=\"color: #262626;\"><span style=\"font-family: Arial, serif;\"><b>o vendedor tem igualmente o direito de rescindir o contrato de compra e venda em qualquer altura<\/b><\/span><\/span><span style=\"color: #262626;\"><span style=\"font-family: Arial, serif;\">at\u00e9 \u00e0 rece\u00e7\u00e3o da mercadoria pelo comprador. Neste caso, o Vendedor devolver\u00e1 o pre\u00e7o de compra ao Comprador sem demora injustificada, sem dinheiro, para a conta designada pelo Comprador.<\/span><\/span><\/p>\n<\/li>\n<li>\n<p align=\"JUSTIFY\"><span style=\"color: #262626;\"><span style=\"font-family: Arial, serif;\">Em caso de rescis\u00e3o do contrato por parte do vendedor, este entrar\u00e1 imediatamente em contacto com o comprador e acordar\u00e1 com ele a forma de reembolso do dinheiro. Para rescindir o contrato de compra e venda, o comprador pode utilizar o correio eletr\u00f3nico da empresa ou o formul\u00e1rio de contacto situado na interface Web da loja, em cujo texto deve indicar \"Rescindo o contrato de compra deste produto: ..., n\u00famero de encomenda: ...\". O comprador pode igualmente enviar a resolu\u00e7\u00e3o do contrato de compra e venda por correspond\u00eancia para a sede social do vendedor ou para o endere\u00e7o de correio eletr\u00f3nico do vendedor indicado nos dados de contacto constantes do artigo 1.\u00ba das Condi\u00e7\u00f5es Gerais (a seguir designado por \"endere\u00e7o de correio eletr\u00f3nico do vendedor\").<\/span><\/span><\/p>\n<\/li>\n<li>\n<p align=\"JUSTIFY\"><span style=\"color: #262626;\"><span style=\"font-family: Arial, serif;\">Se o comprador j\u00e1 tiver pago o montante e tiver o direito de rescindir o contrato, o vendedor envia uma nota de cr\u00e9dito para o endere\u00e7o do comprador, que este confirma e envia de volta ao vendedor. Ap\u00f3s a rece\u00e7\u00e3o do aviso de rece\u00e7\u00e3o do cliente, o vendedor efectua o reembolso, salvo acordo em contr\u00e1rio.<\/span><\/span><\/p>\n<\/li>\n<\/ol>\n<p align=\"JUSTIFY\"><span style=\"color: #262626;\"><span style=\"font-family: Arial, serif;\">O formul\u00e1rio de rescis\u00e3o pode ser consultado aqui: <\/span><\/span><span style=\"color: #2e74b5;\"><span style=\"font-family: Arial, serif;\"><u>Retirada do contrato<\/u><\/span><\/span><\/p>\n<p align=\"JUSTIFY\"><span style=\"color: #404040;\">\u00a0\u00a0\u00a0\u00a0 <\/span><span style=\"color: #404040;\"><span style=\"font-family: Arial, serif;\"><b>III.             Responsabilidade por defeitos e repara\u00e7\u00f5es\u00a0\u00a0\u00a0\u00a0\u00a0\u00a0\u00a0\u00a0<\/b><\/span><\/span><\/p>\n<ol>\n<li>\n<p align=\"JUSTIFY\"><span style=\"color: #404040;\"><span style=\"font-family: Arial, serif;\">Ap\u00f3s a rece\u00e7\u00e3o dos bens, o comprador \u00e9 obrigado a inspecionar os bens e, se tal n\u00e3o for poss\u00edvel, o comprador deve inspecionar os bens sem demora injustificada ap\u00f3s a rece\u00e7\u00e3o dos bens ou do produto. Se os bens adquiridos n\u00e3o tiverem a qualidade exigida e a qualidade perfeita aquando da rece\u00e7\u00e3o, o comprador pode tamb\u00e9m exigir a entrega de um novo artigo sem defeitos, ou seja, a substitui\u00e7\u00e3o dos bens, a menos que tal n\u00e3o seja razo\u00e1vel devido \u00e0 natureza do defeito e se trate de um defeito real (e n\u00e3o, por exemplo, de uma propriedade natural dos materiais utilizados ou do desenho de materiais naturais).<\/span><\/span><\/p>\n<\/li>\n<li>\n<p align=\"JUSTIFY\"><span style=\"color: #404040;\"><span style=\"font-family: Arial, serif;\">Se o defeito disser respeito apenas a uma parte dos bens, por exemplo, um acess\u00f3rio, o comprador s\u00f3 pode exigir a substitui\u00e7\u00e3o da pe\u00e7a; se tal n\u00e3o for poss\u00edvel, tem o direito de rescindir o contrato (reembolso). No entanto, se tal for desproporcionado devido \u00e0 natureza do defeito, especialmente se o defeito for remov\u00edvel e a repara\u00e7\u00e3o puder ser efectuada sem demora injustificada, o comprador tem o direito de mandar reparar os bens (acess\u00f3rios) gratuitamente.<\/span><\/span><\/p>\n<\/li>\n<li>\n<p align=\"JUSTIFY\"><span style=\"color: #404040;\"><span style=\"font-family: Arial, serif;\">O comprador tem o direito de solicitar a substitui\u00e7\u00e3o da mercadoria ou a repara\u00e7\u00e3o das suas partes, mesmo no caso de um defeito amov\u00edvel, se isso fizer com que a mercadoria n\u00e3o possa ser utilizada corretamente devido \u00e0 recorr\u00eancia do defeito ap\u00f3s a repara\u00e7\u00e3o ou devido a um maior n\u00famero de defeitos. Neste caso, o comprador tem tamb\u00e9m o direito de rescindir o contrato.\u00a0\u00a0\u00a0\u00a0\u00a0\u00a0\u00a0<\/span><\/span><\/p>\n<\/li>\n<li>\n<p align=\"JUSTIFY\"><span style=\"color: #404040;\"><span style=\"font-family: Arial, serif;\">Se o comprador n\u00e3o rescindir o contrato em conformidade com a legisla\u00e7\u00e3o aplic\u00e1vel ou se n\u00e3o exercer o direito de obter um novo artigo entregue sem defeitos, de obter a substitui\u00e7\u00e3o ou a repara\u00e7\u00e3o de uma pe\u00e7a, pode exigir um desconto razo\u00e1vel. \u00a0<\/span><\/span><\/p>\n<\/li>\n<li>\n<p align=\"JUSTIFY\"><span style=\"color: #262626;\"><span style=\"font-family: Arial, serif;\">o contrato de compra e venda para a entrega de bens que tenham sido modificados de acordo com a vontade do comprador ou para a pessoa do comprador; as placas que tenham sido personalizadas de acordo com a vontade do comprador n\u00e3o podem ser retiradas e os bens devolvidos sem qualquer justifica\u00e7\u00e3o; as outras disposi\u00e7\u00f5es do C\u00f3digo Civil relativas ao procedimento de reclama\u00e7\u00e3o n\u00e3o s\u00e3o afectadas. O comprador pode rescindir o contrato se os bens apresentarem um defeito irrepar\u00e1vel ou por qualquer outro motivo legal, mas n\u00e3o pode rescindir o contrato no prazo de 14 dias sem apresentar um motivo e as disposi\u00e7\u00f5es gerais que regem a rescis\u00e3o do contrato n\u00e3o se aplicam neste caso. No caso de mercadorias personalizadas \/a pedido do comprador\/, a substitui\u00e7\u00e3o da mercadoria ou a resolu\u00e7\u00e3o do contrato est\u00e1 sujeita ao acordo entre o comprador e o vendedor, n\u00e3o sendo afectadas as disposi\u00e7\u00f5es relativas \u00e0 responsabilidade por defeitos.<\/span><\/span><\/p>\n<\/li>\n<\/ol>\n<p align=\"JUSTIFY\"><span style=\"color: #262626;\">\u00a0 \u00a0 \u00a0 \u00a0 \u00a0 \u00a0<\/span><span style=\"color: #262626;\"><span style=\"font-family: Arial, serif;\"><b>IV.               Direitos decorrentes de uma presta\u00e7\u00e3o defeituosa<\/b><\/span><\/span><\/p>\n<ol>\n<li>\n<p align=\"JUSTIFY\"><span style=\"color: #262626;\"><span style=\"font-family: Arial, serif;\">Os direitos e obriga\u00e7\u00f5es das partes em mat\u00e9ria de direitos de execu\u00e7\u00e3o defeituosa s\u00e3o regidos pelas disposi\u00e7\u00f5es legais aplic\u00e1veis de car\u00e1cter geral e vinculativo (<\/span><\/span><span style=\"color: #262626;\"><span style=\"font-family: Arial, serif;\"><b>nomeadamente as disposi\u00e7\u00f5es dos artigos 1914 a 1925, 2099 a 2117 e 2161 a 2174 do C\u00f3digo Civil<\/b><\/span><\/span><span style=\"color: #262626;\"><span style=\"font-family: Arial, serif;\">).<\/span><\/span><\/p>\n<\/li>\n<li>\n<p align=\"JUSTIFY\"><span style=\"color: #262626;\"><span style=\"font-family: Arial, serif;\">O vendedor \u00e9 respons\u00e1vel perante o comprador de que as mercadorias est\u00e3o isentas de defeitos aquando da sua rece\u00e7\u00e3o. Em particular, o vendedor \u00e9 respons\u00e1vel perante o comprador que no momento em que o comprador recebeu a mercadoria:<\/span><\/span><\/p>\n<\/li>\n<\/ol>\n<ol>\n<li style=\"list-style-type: none;\">\n<ul>\n<li>\n<p align=\"JUSTIFY\"><span style=\"color: #262626;\"><span style=\"font-family: Arial, serif;\">o bem tem as caracter\u00edsticas acordadas entre as partes e, na falta de acordo, tem as caracter\u00edsticas descritas pelo vendedor ou pelo fabricante ou esperadas pelo comprador, tendo em conta a natureza do bem e com base na publicidade por eles efectuada,<\/span><\/span><\/p>\n<\/li>\n<li>\n<p align=\"JUSTIFY\"><span style=\"color: #262626;\"><span style=\"font-family: Arial, serif;\">os bens s\u00e3o adequados aos fins declarados pelo vendedor para a sua utiliza\u00e7\u00e3o ou para os quais os bens do mesmo g\u00e9nero s\u00e3o habitualmente utilizados,<\/span><\/span><\/p>\n<\/li>\n<li>\n<p align=\"JUSTIFY\"><span style=\"color: #262626;\"><span style=\"font-family: Arial, serif;\">as mercadorias correspondem, em termos de qualidade ou de fabrico, \u00e0 amostra ou ao esp\u00e9cime acordados, se a qualidade ou o fabrico tiverem sido determinados com base na amostra ou no esp\u00e9cime acordados,<\/span><\/span><\/p>\n<\/li>\n<li>\n<p align=\"JUSTIFY\"><span style=\"color: #262626;\"><span style=\"font-family: Arial, serif;\">as mercadorias est\u00e3o na quantidade, medida ou peso adequados; e<\/span><\/span><\/p>\n<\/li>\n<li>\n<p align=\"JUSTIFY\"><span style=\"color: #262626;\"><span style=\"font-family: Arial, serif;\">os bens cumprem os requisitos da legisla\u00e7\u00e3o.<\/span><\/span><\/p>\n<\/li>\n<\/ul>\n<\/li>\n<\/ol>\n<ol start=\"3\">\n<li>\n<p align=\"JUSTIFY\"><span style=\"color: #262626;\"><span style=\"font-family: Arial, serif;\">Se o defeito se manifestar num prazo de seis <\/span><\/span><span style=\"color: #262626;\"><span style=\"font-family: Arial, serif;\"><b>(6)<\/b><\/span><\/span><span style=\"color: #262626;\"><span style=\"font-family: Arial, serif;\"> meses ap\u00f3s a rece\u00e7\u00e3o, considera-se que a mercadoria est\u00e1 defeituosa no momento da rece\u00e7\u00e3o.<\/span><\/span><\/p>\n<\/li>\n<li>\n<p align=\"JUSTIFY\"><span style=\"color: #262626;\"><span style=\"font-family: Arial, serif;\">O vendedor tem obriga\u00e7\u00f5es decorrentes de um desempenho defeituoso, pelo menos na medida em que subsistam as obriga\u00e7\u00f5es do fabricante decorrentes de um desempenho defeituoso. O comprador pode exercer o direito de reclama\u00e7\u00e3o por um defeito que ocorra no bem de consumo no prazo de vinte e quatro meses ap\u00f3s a sua rece\u00e7\u00e3o. Se o per\u00edodo de tempo durante o qual os bens podem ser utilizados estiver indicado nos bens vendidos, na sua embalagem, nas instru\u00e7\u00f5es que acompanham os bens ou na publicidade, em conformidade com outra legisla\u00e7\u00e3o, aplicam-se as disposi\u00e7\u00f5es relativas \u00e0 garantia de qualidade. Ao garantir a qualidade, o vendedor compromete-se a que as mercadorias sejam adequadas ao seu objetivo habitual ou mantenham as suas caracter\u00edsticas habituais durante um determinado per\u00edodo de tempo. Se o comprador tiver acusado corretamente o vendedor de um defeito na mercadoria, o prazo para o exerc\u00edcio dos direitos decorrentes do cumprimento defeituoso e o prazo de garantia n\u00e3o correm durante o per\u00edodo em que o comprador n\u00e3o pode utilizar a mercadoria defeituosa.<\/span><\/span><\/p>\n<\/li>\n<li>\n<p align=\"JUSTIFY\"><span style=\"color: #262626;\"><span style=\"font-family: Arial, serif;\">As disposi\u00e7\u00f5es previstas no <\/span><\/span><span style=\"color: #262626;\"><span style=\"font-family: Arial, serif;\"><b>Artigo 1.\u00ba - Direito de execu\u00e7\u00e3o defeituosa<\/b><\/span><\/span><span style=\"color: #262626;\"><span style=\"font-family: Arial, serif;\"> o comprador n\u00e3o tem direito, se o comprador sabia, antes de tomar posse dos bens, que estes tinham um defeito, ou se o pr\u00f3prio comprador causou o defeito.<\/span><\/span><\/p>\n<\/li>\n<li>\n<p align=\"JUSTIFY\"><span style=\"color: #262626;\"><span style=\"font-family: Arial, serif;\">Os direitos de responsabilidade por defeitos das mercadorias s\u00e3o exercidos pelo vendedor. No entanto, se o certificado emitido pelo vendedor relativo ao \u00e2mbito dos direitos de responsabilidade por defeitos (na ace\u00e7\u00e3o da <\/span><\/span><span style=\"color: #262626;\"><span style=\"font-family: Arial, serif;\"><b>as disposi\u00e7\u00f5es do \u00a7 2166 do C\u00f3digo Civil<\/b><\/span><\/span><span style=\"color: #262626;\"><span style=\"font-family: Arial, serif;\">) indica outra pessoa designada para a repara\u00e7\u00e3o que se encontra no local do vendedor ou num local mais pr\u00f3ximo do comprador, o comprador deve exercer o direito de repara\u00e7\u00e3o com a pessoa designada para efetuar a repara\u00e7\u00e3o.<\/span><\/span><\/p>\n<\/li>\n<li>\n<p align=\"JUSTIFY\"><span style=\"color: #262626;\"><span style=\"font-family: Arial, serif;\">O comprador pode exercer especificamente os seus direitos em mat\u00e9ria de responsabilidade por defeitos dos bens pessoalmente no seguinte endere\u00e7o <\/span><\/span><span style=\"color: #262626;\"><span style=\"font-family: Arial, serif;\"><b>Sv. \u010cecha 750\/4, 743 01 B\u00edlovec<\/b><\/span><\/span><span style=\"color: #262626;\"><span style=\"font-family: Arial, serif;\">ou por correio eletr\u00f3nico para <\/span><\/span><span style=\"color: #262626;\"><span style=\"font-family: Arial, serif;\"><b>info@recoveryseed.cz<\/b><\/span><\/span><\/p>\n<\/li>\n<li>\n<p align=\"JUSTIFY\"><span style=\"color: #262626;\"><span style=\"font-family: Arial, serif;\">O Comprador deve informar o Vendedor do direito que escolheu aquando da notifica\u00e7\u00e3o do defeito ou sem demora injustificada ap\u00f3s a notifica\u00e7\u00e3o do defeito. O comprador n\u00e3o pode alterar a escolha efectuada sem o consentimento do vendedor; tal n\u00e3o se aplica se o comprador tiver solicitado a repara\u00e7\u00e3o de um defeito que se revele irrepar\u00e1vel.<\/span><\/span><\/p>\n<\/li>\n<li>\n<p align=\"JUSTIFY\"><span style=\"color: #262626;\"><span style=\"font-family: Arial, serif;\">Quem tem o direito de <\/span><\/span><span style=\"color: #262626;\"><span style=\"font-family: Arial, serif;\"><b>\u00a7 1923 do C\u00f3digo Civil,<\/b><\/span><\/span><span style=\"color: #262626;\"><span style=\"font-family: Arial, serif;\"> tem igualmente direito ao reembolso das despesas razoavelmente efectuadas para o exerc\u00edcio desse direito. No entanto, se o vendedor n\u00e3o exercer o direito de indemniza\u00e7\u00e3o no prazo de um m\u00eas ap\u00f3s o termo do prazo em que o defeito deve ser assinalado, o tribunal n\u00e3o conceder\u00e1 o direito se o vendedor alegar que o direito de indemniza\u00e7\u00e3o n\u00e3o foi exercido a tempo.<\/span><\/span><\/p>\n<\/li>\n<li>\n<p align=\"JUSTIFY\"><span style=\"color: #262626;\"><span style=\"font-family: Arial, serif;\">Outros direitos e obriga\u00e7\u00f5es das partes relacionados com a responsabilidade do Vendedor por defeitos s\u00e3o regulados pelo Procedimento de Reclama\u00e7\u00f5es do Vendedor, que \u00e9 parte integrante dos presentes Termos e Condi\u00e7\u00f5es. \u00a0<\/span><\/span><\/p>\n<\/li>\n<\/ol>\n<p align=\"JUSTIFY\"><span style=\"color: #262626;\"> \u00a0 \u00a0 \u00a0\u00a0<\/span><\/p>\n<p align=\"JUSTIFY\"><span style=\"color: #262626;\">\u00a0 \u00a0 \u00a0 <\/span><span style=\"color: #262626;\"><span style=\"font-family: Arial, serif;\"><b>V.              Outros direitos e obriga\u00e7\u00f5es das Partes<\/b><\/span><\/span><\/p>\n<ol>\n<li>\n<p align=\"JUSTIFY\"><span style=\"color: #262626;\"><span style=\"font-family: Arial, serif;\">O comprador adquire a propriedade dos bens no momento da rece\u00e7\u00e3o dos mesmos.<\/span><\/span><\/p>\n<\/li>\n<li>\n<p align=\"JUSTIFY\"><span style=\"color: #262626;\"><span style=\"font-family: Arial, serif;\">O Vendedor n\u00e3o est\u00e1 vinculado a quaisquer c\u00f3digos de conduta em rela\u00e7\u00e3o ao Comprador na ace\u00e7\u00e3o das disposi\u00e7\u00f5es da <\/span><\/span><span style=\"color: #262626;\"><span style=\"font-family: Arial, serif;\"><b>\u00a7 Sec\u00e7\u00e3o 1826(1)(e) do C\u00f3digo Civil<\/b><\/span><\/span><span style=\"color: #262626;\"><span style=\"font-family: Arial, serif;\">.<\/span><\/span><\/p>\n<\/li>\n<li>\n<p align=\"JUSTIFY\"><span style=\"color: #262626;\"><span style=\"font-family: Arial, serif;\">O tratamento extrajudicial das reclama\u00e7\u00f5es dos consumidores \u00e9 assegurado pelo vendedor atrav\u00e9s do endere\u00e7o eletr\u00f3nico do vendedor <\/span><\/span><a href=\"mailto:info@recoveryseed.cz\"><span style=\"color: #0679ee;\"><span style=\"font-family: Arial, serif;\"><b>info@recoveryseed.cz<\/b><\/span><\/span><\/a><span style=\"color: #262626;\"><span style=\"font-family: Arial, serif;\">. O Vendedor enviar\u00e1 informa\u00e7\u00f5es sobre a resolu\u00e7\u00e3o da queixa do Comprador para o endere\u00e7o eletr\u00f3nico do Comprador.<\/span><\/span><\/p>\n<\/li>\n<li>\n<p align=\"JUSTIFY\"><span style=\"color: #262626;\"><span style=\"font-family: Arial, serif;\">O Vendedor est\u00e1 autorizado a vender mercadorias com base numa licen\u00e7a comercial. O controlo comercial \u00e9 efectuado, no \u00e2mbito das suas compet\u00eancias, pelo servi\u00e7o comercial competente. O controlo da prote\u00e7\u00e3o dos dados pessoais \u00e9 exercido por <\/span><\/span><span style=\"color: #262626;\"><span style=\"font-family: Arial, serif;\"><b>Gabinete de Prote\u00e7\u00e3o de Dados Pessoais<\/b><\/span><\/span><span style=\"color: #262626;\"><span style=\"font-family: Arial, serif;\">. <\/span><\/span><span style=\"color: #262626;\"><span style=\"font-family: Arial, serif;\"><b>Autoridade checa de inspe\u00e7\u00e3o do com\u00e9rcio<\/b><\/span><\/span><span style=\"color: #262626;\"><span style=\"font-family: Arial, serif;\"> exerce, dentro de um \u00e2mbito definido, nomeadamente, o controlo do cumprimento da lei <\/span><\/span><span style=\"color: #262626;\"><span style=\"font-family: Arial, serif;\"><b>N\u00ba 634\/1992 Coll., sobre a prote\u00e7\u00e3o dos consumidores<\/b><\/span><\/span><span style=\"color: #262626;\"><span style=\"font-family: Arial, serif;\">, com a reda\u00e7\u00e3o que lhe foi dada.\u00a0<\/span><\/span><\/p>\n<\/li>\n<li>\n<p align=\"JUSTIFY\"><span style=\"color: #262626;\"><span style=\"font-family: Arial, serif;\">O tribunal competente para a resolu\u00e7\u00e3o extrajudicial de lit\u00edgios de consumo decorrentes de um contrato de compra e venda \u00e9 <\/span><\/span><span style=\"color: #262626;\"><span style=\"font-family: Arial, serif;\"><b>Autoridade checa de inspe\u00e7\u00e3o do com\u00e9rcio, com sede social em \u0160t\u011bp\u00e1nsk\u00e1 567\/15, 120 00 Praga 2, n\u00famero de identifica\u00e7\u00e3o: 000 20 869, endere\u00e7o Internet: https:\/\/adr.coi.cz\/cs.<\/b><\/span><\/span><span style=\"color: #262626;\"><span style=\"font-family: Arial, serif;\"> A plataforma de resolu\u00e7\u00e3o de lit\u00edgios em linha, localizada em <\/span><\/span><span style=\"color: #262626;\"><span style=\"font-family: Arial, serif;\"><b>http:\/\/ec.europa.eu\/consumers\/odr<\/b><\/span><\/span><span style=\"color: #262626;\"><span style=\"font-family: Arial, serif;\"> pode ser utilizado para resolver lit\u00edgios entre o vendedor e o comprador no \u00e2mbito do contrato de compra e venda.<\/span><\/span><\/p>\n<\/li>\n<li>\n<p align=\"JUSTIFY\"><span style=\"color: #262626;\"><span style=\"font-family: Arial, serif;\"><b>Centro Europeu do Consumidor Rep\u00fablica Checa, com sede social em \u0160t\u011bp\u00e1nsk\u00e1 567\/15, 120 00 Praga 2,<\/b><\/span><\/span><span style=\"color: #262626;\"><span style=\"font-family: Arial, serif;\"> Endere\u00e7o de Internet: <\/span><\/span><span style=\"color: #262626;\"><span style=\"font-family: Arial, serif;\"><b>http:\/\/www.evropskyspotrebitel.cz<\/b><\/span><\/span><span style=\"color: #262626;\"><span style=\"font-family: Arial, serif;\"> \u00e9 o ponto de contacto de acordo com <\/span><\/span><span style=\"color: #262626;\"><span style=\"font-family: Arial, serif;\"><b>Regulamento (UE) n.\u00ba 524\/2013 do Parlamento Europeu e do Conselho, de 21 de maio de 2013, relativo \u00e0 resolu\u00e7\u00e3o de lit\u00edgios de consumo em linha e que altera o Regulamento (CE) n.\u00ba 2006\/2004 e a Diretiva 2009\/22\/CE<\/b><\/span><\/span><span style=\"color: #262626;\"><span style=\"font-family: Arial, serif;\"> (Regulamento relativo \u00e0 resolu\u00e7\u00e3o de lit\u00edgios em linha no dom\u00ednio dos lit\u00edgios de consumo).<\/span><\/span><\/p>\n<\/li>\n<li>\n<p align=\"JUSTIFY\"><span style=\"color: #262626;\"><span style=\"font-family: Arial, serif;\">O comprador assume o risco de altera\u00e7\u00e3o das circunst\u00e2ncias no sentido de <\/span><\/span><span style=\"color: #262626;\"><span style=\"font-family: Arial, serif;\"><b>\u00a7 Sec\u00e7\u00e3o 1765(2) do C\u00f3digo Civil.<\/b><\/span><\/span><\/p>\n<\/li>\n<li>\n<p align=\"JUSTIFY\"><span style=\"color: #262626;\"><span style=\"font-family: Arial, serif;\">Se a rela\u00e7\u00e3o estabelecida pelo contrato de compra contiver um elemento internacional (estrangeiro), as partes acordam que a rela\u00e7\u00e3o \u00e9 regida pela lei checa. Ao escolher a lei de acordo com a frase anterior, o comprador, que \u00e9 um consumidor, n\u00e3o \u00e9 privado da prote\u00e7\u00e3o conferida pelas disposi\u00e7\u00f5es da ordem jur\u00eddica que n\u00e3o podem ser derrogadas por contrato e que, de outro modo, se aplicariam na aus\u00eancia de uma escolha de lei de acordo com as disposi\u00e7\u00f5es da <\/span><\/span><span style=\"color: #262626;\"><span style=\"font-family: Arial, serif;\"><b>N.\u00ba 1 do artigo 6.\u00ba do Regulamento (CE) n.\u00ba 593\/2008 do Parlamento Europeu e do Conselho, de 17 de junho de 2008, sobre a lei aplic\u00e1vel \u00e0s obriga\u00e7\u00f5es contratuais (Roma I).<\/b><\/span><\/span><\/p>\n<\/li>\n<li>\n<p align=\"JUSTIFY\"><span style=\"color: #262626;\"><span style=\"font-family: Arial, serif;\">A nossa empresa n\u00e3o \u00e9 respons\u00e1vel por qualquer perda da sua semente de criptomoeda. N\u00e3o \u00e9 respons\u00e1vel pela legibilidade das palavras ou letras que podem tornar-se ileg\u00edveis com o tempo.<\/span><\/span><\/p>\n<\/li>\n<li>\n<p align=\"JUSTIFY\"><span style=\"color: #262626;\"><span style=\"font-family: Arial, serif;\">Se qualquer disposi\u00e7\u00e3o dos termos e condi\u00e7\u00f5es for ou se tornar inv\u00e1lida ou ineficaz, a disposi\u00e7\u00e3o inv\u00e1lida ser\u00e1 substitu\u00edda por uma disposi\u00e7\u00e3o cujo significado seja o mais pr\u00f3ximo poss\u00edvel da disposi\u00e7\u00e3o inv\u00e1lida. A invalidade ou inefic\u00e1cia de uma disposi\u00e7\u00e3o n\u00e3o afecta a validade das outras disposi\u00e7\u00f5es.<\/span><\/span><\/p>\n<\/li>\n<li>\n<p align=\"JUSTIFY\"><span style=\"color: #262626;\"><span style=\"font-family: Arial, serif;\">O Contrato de Compra, incluindo os Termos e Condi\u00e7\u00f5es, \u00e9 arquivado pelo Vendedor em formato eletr\u00f3nico e n\u00e3o est\u00e1 acess\u00edvel.<\/span><\/span><\/p>\n<\/li>\n<li>\n<p align=\"JUSTIFY\"><span style=\"color: #262626;\"><span style=\"font-family: Arial, serif;\">Um modelo de formul\u00e1rio de rescis\u00e3o do contrato de compra e venda \u00e9 anexado \u00e0s condi\u00e7\u00f5es gerais.<\/span><\/span><\/p>\n<\/li>\n<li>\n<p align=\"JUSTIFY\"><span style=\"color: #262626;\"><span style=\"font-family: Arial, serif;\">Dados de contacto do vendedor: endere\u00e7o de entrega<\/span><\/span><\/p>\n<\/li>\n<\/ol>\n<p><span style=\"color: #262626;\">\u00a0 \u00a0 \u00a0 \u00a0<\/span><span style=\"color: #404040;\"><span style=\"font-family: Arial, serif;\"><b>VI.               Envio de comunica\u00e7\u00f5es comerciais e armazenamento de cookies<\/b><\/span><\/span><span style=\"color: #404040;\"><span style=\"font-family: Arial, serif;\">\u00a0<\/span><\/span><\/p>\n<ol>\n<li>\n<p align=\"JUSTIFY\"><span style=\"color: #404040;\"><span style=\"font-family: Arial, serif;\">O comprador aceita, em conformidade com as disposi\u00e7\u00f5es do <\/span><\/span><span style=\"color: #404040;\"><span style=\"font-family: Arial, serif;\"><b>\u00a7 Sec\u00e7\u00e3o 7(2) da Lei n.\u00ba 480\/2004 Coll., relativa a determinados servi\u00e7os da sociedade da informa\u00e7\u00e3o <\/b><\/span><\/span><span style=\"color: #404040;\"><span style=\"font-family: Arial, serif;\">e que altera determinadas leis (Lei sobre determinados servi\u00e7os da sociedade da informa\u00e7\u00e3o) com o envio de informa\u00e7\u00f5es relacionadas com os bens, servi\u00e7os ou actividades do Vendedor para o endere\u00e7o eletr\u00f3nico do Comprador e aceita ainda enviar comunica\u00e7\u00f5es comerciais do Vendedor para o endere\u00e7o eletr\u00f3nico do Comprador.<\/span><\/span><\/p>\n<\/li>\n<li>\n<p align=\"JUSTIFY\"><span style=\"color: #404040;\"><span style=\"font-family: Arial, serif;\">O comprador aceita a armazenagem de <\/span><\/span><span style=\"color: #404040;\"><span style=\"font-family: Arial, serif;\"><b>os chamados cookies<\/b><\/span><\/span><span style=\"color: #404040;\"><span style=\"font-family: Arial, serif;\"> no seu computador. Se a compra puder ser efectuada no s\u00edtio Web e as obriga\u00e7\u00f5es do vendedor ao abrigo do contrato de compra e venda puderem ser cumpridas sem o armazenamento de cookies no computador do comprador, este pode retirar o consentimento previsto na frase anterior em qualquer altura.<\/span><\/span><span style=\"color: #262626;\"><span style=\"font-family: Georgia, serif;\"><span style=\"font-size: xx-small;\">\u00a0\u00a0\u00a0\u00a0<\/span><\/span><\/span><\/p>\n<\/li>\n<\/ol>\n<p align=\"JUSTIFY\"><span style=\"color: #262626;\"><span style=\"font-family: Arial, serif;\"><u><b>Produ\u00e7\u00e3o \u00e0 medida, vales de oferta e descontos<\/b><\/u><\/span><\/span><span style=\"color: #262626;\"><span style=\"font-family: Arial, serif;\"><b>\u00a0<\/b><\/span><\/span><\/p>\n<p align=\"JUSTIFY\"><span style=\"color: #262626;\"><span style=\"font-family: Arial, serif;\"><b>Como parte do nosso servi\u00e7o aos nossos clientes, tamb\u00e9m oferecemos modifica\u00e7\u00e3o de placas personalizadas:<\/b><\/span><\/span><\/p>\n<p align=\"JUSTIFY\"><span style=\"color: #262626;\"><span style=\"font-family: Arial, serif;\">No prato que adquiriu, podemos colocar o prato da sua escolha de acordo com os seus crit\u00e9rios. <\/span><\/span><span style=\"color: #262626;\"><span style=\"font-family: Arial, serif;\"><b>TEXTO (+300 CZK)<\/b><\/span><\/span><span style=\"color: #262626;\"><span style=\"font-family: Arial, serif;\"> ao pre\u00e7o da placa adquirida, incluindo acess\u00f3rios ou <\/span><\/span><span style=\"color: #262626;\"><span style=\"font-family: Arial, serif;\"><b>LOG\u00d3TIPO (+600 CZK)<\/b><\/span><\/span><span style=\"color: #262626;\"><span style=\"font-family: Arial, serif;\"> adicionada ao pre\u00e7o normal dos bens adquiridos, incluindo acess\u00f3rios. Pode especificar a op\u00e7\u00e3o selecionada quando a adiciona ao seu carrinho de compras.<\/span><\/span><\/p>\n<p><span style=\"color: #262626;\"><span style=\"font-family: Arial, serif;\">Quaisquer quest\u00f5es sobre modifica\u00e7\u00f5es de produtos personalizados devem ser enviadas para:<\/span><\/span><\/p>\n<p><span style=\"color: #262626;\"><span style=\"font-family: Arial, serif;\"><b>correio eletr\u00f3nico:\u00a0<\/b><\/span><\/span><span style=\"color: #262626;\"><span style=\"font-family: Arial, serif;\"><u><b>info@recoveryseed.cz<\/b><\/u><\/span><\/span><\/p>\n<p align=\"JUSTIFY\"><span style=\"color: #262626;\"><span style=\"font-family: Arial, serif;\">Se, apesar dos nossos melhores esfor\u00e7os, receber a mercadoria e encontrar defeitos t\u00e9cnicos ou danos mec\u00e2nicos, pe\u00e7as danificadas, contacte o vendedor atrav\u00e9s do endere\u00e7o de correio eletr\u00f3nico acima indicado e, em seguida, ser\u00e3o acordadas outras medidas. Para as encomendas efectuadas atrav\u00e9s da Internet, o procedimento a seguir \u00e9 semelhante. Em seguida, escolheremos em conjunto a a\u00e7\u00e3o mais adequada.\u00a0<\/span><\/span><\/p>\n<p align=\"JUSTIFY\"><span style=\"color: #262626;\"><span style=\"font-family: Arial, serif;\">Se conseguiu danificar mecanicamente um produto adquirido na nossa loja, \u00e9 poss\u00edvel repar\u00e1-lo em alguns casos. O pre\u00e7o deste servi\u00e7o ser\u00e1 determinado ap\u00f3s uma an\u00e1lise exaustiva dos danos em causa.<\/span><\/span><\/p>\n<p><span style=\"color: #262626;\"><span style=\"font-family: Arial, serif;\">Tentaremos resolver as suas necessidades para sua total satisfa\u00e7\u00e3o!\u00a0\u00a0<\/span><\/span><\/p>\n<p align=\"JUSTIFY\"><span style=\"color: #262626;\"><span style=\"font-family: Arial, serif;\">A nossa empresa efectua gratuitamente pequenas adapta\u00e7\u00f5es aquando da compra dos nossos produtos.\u00a0<\/span><\/span><\/p>\n<p align=\"JUSTIFY\"><span style=\"color: #262626;\"><span style=\"font-family: Arial, serif;\">Nota: As placas personalizadas ou modificadas de acordo com os desejos do cliente n\u00e3o podem ser devolvidas sem uma justifica\u00e7\u00e3o objetiva. As outras disposi\u00e7\u00f5es relativas \u00e0 garantia, reclama\u00e7\u00f5es e repara\u00e7\u00f5es n\u00e3o s\u00e3o afectadas por esta disposi\u00e7\u00e3o e s\u00e3o regidas pela legisla\u00e7\u00e3o aplic\u00e1vel e pelas condi\u00e7\u00f5es gerais da empresa <span style=\"color: #404040;\"><b>RECOVERY SEED s.r.o<\/b><\/span><b>.<\/b><\/span><\/span><\/p>\n<p><span style=\"color: #262626;\"><span style=\"font-family: Arial, serif;\"><b>Vales de oferta:<\/b><\/span><\/span><\/p>\n<p align=\"JUSTIFY\"><span style=\"color: #262626;\"><span style=\"font-family: Arial, serif;\">Atrav\u00e9s da nossa e-shop pode tamb\u00e9m adquirir Vales de Oferta para a compra dos nossos produtos e outro sortido no valor de 1000,- k\u010d, 2000,- k\u010d, 3000,- k\u010d e 4000,- k\u010d ou por outro valor de acordo com o desejo do comprador.<\/span><\/span><\/p>\n<p align=\"JUSTIFY\"><span style=\"color: #262626;\"><span style=\"font-family: Arial, serif;\">Todos os nossos cheques-prenda s\u00e3o v\u00e1lidos por 6 meses, exceto se for acordado um per\u00edodo mais longo entre o vendedor e o comprador.\u00a0<\/span><\/span><\/p>\n<p align=\"JUSTIFY\"><span style=\"color: #262626;\"><span style=\"font-family: Arial, serif;\">Os vales est\u00e3o dispon\u00edveis na sede da empresa, para envio por correio em formato plastificado, ap\u00f3s acordo enviamos por correio para a sua morada ou para a morada do destinat\u00e1rio, ou por correio eletr\u00f3nico em formato PDF se os vales forem pagos na sede da empresa, na e-shop ou antecipadamente por conta.<\/span><\/span><\/p>\n<p><span style=\"color: #262626;\"><span style=\"font-family: Arial, serif;\">Para mais informa\u00e7\u00f5es sobre vales de oferta, visite <\/span><\/span><a href=\"https:\/\/recoveryseed.cz\/pt\/\"><span style=\"color: #262626;\"><span style=\"font-family: Arial, serif;\"><b>www.recoveryseed.cz<\/b><\/span><\/span><\/a><\/p>\n<p align=\"JUSTIFY\"><span style=\"color: #262626;\"><span style=\"font-family: Arial, serif;\"><b>Descontos:<\/b><\/span><\/span><\/p>\n<p align=\"JUSTIFY\"><span style=\"color: #262626;\"><span style=\"font-family: Arial, serif;\">Para al\u00e9m das promo\u00e7\u00f5es de compras, sobre as quais ser\u00e1 sempre informado no nosso s\u00edtio Web ou quando visitar as nossas p\u00e1ginas no Facebook e as redes sociais, tamb\u00e9m oferecemos descontos individuais e brindes aos clientes habituais.<\/span><\/span><\/p>\n<p align=\"JUSTIFY\"><span style=\"color: #262626;\"><span style=\"font-family: Arial, serif;\">As ofertas especiais e os descontos nem sempre s\u00e3o v\u00e1lidos exclusivamente para as vendas em linha e para o mercado do Facebook ao mesmo tempo!<\/span><\/span><\/p>\n<p align=\"JUSTIFY\"><span style=\"color: #262626;\"><span style=\"font-family: Arial, serif;\">Ser\u00e1 sempre informado dos nossos progressos no s\u00edtio Web da empresa.<\/span><\/span><\/p>\n<p align=\"JUSTIFY\"><span style=\"color: #262626;\"><span style=\"font-family: Arial, serif;\">N\u00e3o existe qualquer direito legal a descontos e ofertas individuais! Altera\u00e7\u00e3o do sistema de descontos reservada.<\/span><\/span><span style=\"color: #262626;\"><span style=\"font-family: Arial, serif;\"><span style=\"font-size: xx-small;\">\u00a0<\/span><\/span><\/span><\/p>\n<p align=\"JUSTIFY\"><span style=\"color: #262626;\"><span style=\"font-family: Arial, serif;\"><b>Como fazer compras na loja virtual:<\/b><\/span><\/span><\/p>\n<ol>\n<li>\n<p align=\"JUSTIFY\"><span style=\"color: #262626;\"><span style=\"font-family: Arial, serif;\">Apenas os clientes registados podem fazer uma encomenda no nosso grossista online.<\/span><\/span><\/p>\n<\/li>\n<li>\n<p align=\"JUSTIFY\"><span style=\"color: #262626;\"><span style=\"font-family: Arial, serif;\">As mercadorias est\u00e3o divididas em grupos, com informa\u00e7\u00f5es b\u00e1sicas e pre\u00e7os para cada item.<\/span><\/span><\/p>\n<\/li>\n<li>\n<p align=\"JUSTIFY\"><span style=\"color: #262626;\"><span style=\"font-family: Arial, serif;\">Clique no \u00edcone do carrinho para guardar os artigos seleccionados no seu carrinho de compras.<\/span><\/span><\/p>\n<\/li>\n<li>\n<p align=\"JUSTIFY\"><span style=\"color: #262626;\"><span style=\"font-family: Arial, serif;\">Pode verificar novamente a sele\u00e7\u00e3o de produtos no cesto clicando no nome dos produtos.<\/span><\/span><\/p>\n<\/li>\n<li>\n<p align=\"JUSTIFY\"><span style=\"color: #262626;\"><span style=\"font-family: Arial, serif;\">Depois de preencher o formul\u00e1rio, ter\u00e1 a oportunidade de verificar e editar a sua encomenda.<\/span><\/span><\/p>\n<\/li>\n<li>\n<p align=\"JUSTIFY\"><span style=\"color: #262626;\"><span style=\"font-family: Arial, serif;\">Pode prosseguir submetendo a sua encomenda.<\/span><\/span><\/p>\n<\/li>\n<li>\n<p align=\"JUSTIFY\"><span style=\"color: #262626;\"><span style=\"font-family: Arial, serif;\">Uma vez efectuada a encomenda, entraremos em contacto consigo prontamente ou inform\u00e1-lo-emos do estado da sua encomenda.<\/span><\/span><\/p>\n<\/li>\n<li>\n<p align=\"JUSTIFY\"><span style=\"color: #262626;\"><span style=\"font-family: Arial, serif;\"><b>CONTA DE UTILIZADOR<\/b><\/span><\/span><span style=\"color: #262626;\"><span style=\"font-family: Arial, serif;\">R: Com base no registo do comprador efectuado no s\u00edtio Web, o comprador pode aceder \u00e0 sua interface de utilizador. A partir da sua interface de utilizador, o comprador pode efetuar encomendas de mercadorias (doravante designada por \"conta de utilizador\"). Ao registar-se no s\u00edtio Web e ao encomendar mercadorias, o comprador \u00e9 obrigado a fornecer todas as informa\u00e7\u00f5es de forma correcta e verdadeira. O comprador \u00e9 obrigado a atualizar as informa\u00e7\u00f5es fornecidas na conta de utilizador sempre que estas sofram altera\u00e7\u00f5es. As informa\u00e7\u00f5es fornecidas pelo Comprador na conta de utilizador e aquando da encomenda de mercadorias ser\u00e3o consideradas correctas pelo Vendedor. O acesso \u00e0 conta de utilizador \u00e9 assegurado por um nome de utilizador e uma palavra-passe. O Comprador \u00e9 obrigado a manter a confidencialidade das informa\u00e7\u00f5es necess\u00e1rias para aceder \u00e0 sua conta de utilizador. O Vendedor pode cancelar a conta de utilizador, em particular se o Comprador violar repetidamente as suas obriga\u00e7\u00f5es ao abrigo do Contrato de Compra (incluindo os Termos e Condi\u00e7\u00f5es). O Comprador reconhece que a conta de utilizador pode n\u00e3o estar sempre dispon\u00edvel, em particular no que diz respeito \u00e0 necess\u00e1ria manuten\u00e7\u00e3o do hardware e software do Vendedor.<\/span><\/span><\/p>\n<\/li>\n<\/ol>\n<p align=\"CENTER\"><span style=\"color: #262626;\"><span style=\"font-family: Arial, serif;\"><b>Para mais informa\u00e7\u00f5es sobre o produto ou a encomenda, contacte-nos por correio eletr\u00f3nico em qualquer altura:\u00a0<\/b><\/span><\/span><span style=\"color: #262626;\"><span style=\"font-family: Arial, serif;\"><u><b>info@sperky-recoveryseed.cz<\/b><\/u><\/span><\/span><\/p>\n<p align=\"JUSTIFY\"><span style=\"color: #262626;\"><span style=\"font-family: Arial, serif;\"><u><b>Modalidades de recolha dos bens adquiridos em linha ou na sede da empresa<\/b><\/u><\/span><\/span><span style=\"color: #262626;\"><span style=\"font-family: Arial, serif;\"><b>\u00a0<\/b><\/span><\/span><\/p>\n<ol>\n<li>\n<p align=\"JUSTIFY\"><span style=\"color: #262626;\"><span style=\"font-family: Arial, serif;\">Os bens s\u00e3o entregues exclusivamente atrav\u00e9s do servi\u00e7o <\/span><\/span><span style=\"color: #262626;\"><span style=\"font-family: Arial, serif;\"><b>Sala de correio<\/b><\/span><\/span><span style=\"color: #262626;\"><span style=\"font-family: Arial, serif;\"> por correio registado para o endere\u00e7o indicado na encomenda para o ponto de expedi\u00e7\u00e3o selecionado da empresa <\/span><\/span><span style=\"color: #262626;\"><span style=\"font-family: Arial, serif;\"><b>Correios ou na esta\u00e7\u00e3o de correios da sucursal local dos Correios checos <\/b><\/span><\/span><span style=\"color: #262626;\"><span style=\"font-family: Arial, serif;\">\/por op\u00e7\u00e3o do comprador\/.<\/span><\/span><\/p>\n<\/li>\n<li>\n<p align=\"JUSTIFY\"><span style=\"color: #262626;\"><span style=\"font-family: Arial, serif;\"><b>Portes de envio para a Rep\u00fablica Checa<\/b><\/span><\/span><span style=\"color: #262626;\"><span style=\"font-family: Arial, serif;\">: o pre\u00e7o de uma expedi\u00e7\u00e3o registada para pr\u00e9-pagamento por cart\u00e3o de cr\u00e9dito ou criptomoeda \u00e9 de <\/span><\/span><span style=\"color: #262626;\"><span style=\"font-family: Arial, serif;\"><b>65,- CZK (depende do tipo de envio escolhido - para o endere\u00e7o \/Envio via Correios checos\/ ou para o ponto de venda selecionado da Z\u00e1silkovna - o pre\u00e7o do envio ser\u00e1 gerado no carrinho de compras de acordo com as especifica\u00e7\u00f5es de cada encomenda individual)<\/b><\/span><\/span><span style=\"color: #262626;\"><span style=\"font-family: Arial, serif;\">O correio registado com pagamento contra entrega, incluindo portes de envio, \u00e9 de <\/span><\/span><span style=\"color: #262626;\"><span style=\"font-family: Arial, serif;\"><b>85,- CZK<\/b><\/span><\/span><span style=\"color: #262626;\"><span style=\"font-family: Arial, serif;\"> (65,- CZK + <\/span><\/span><span style=\"color: #262626;\"><span style=\"font-family: Arial, serif;\"><b>20 CZK,- contra-reembolso<\/b><\/span><\/span><span style=\"color: #262626;\"><span style=\"font-family: Arial, serif;\">)<\/span><\/span><\/p>\n<\/li>\n<li>\n<p align=\"JUSTIFY\"><span style=\"color: #262626;\"><span style=\"font-family: Arial, serif;\">O pre\u00e7o dos portes \u00e9 sempre indicado para um determinado produto ou mercadoria, exceto se o pre\u00e7o dos portes for determinado de outra forma (desconto) por acordo entre o vendedor e o comprador.<\/span><\/span><\/p>\n<\/li>\n<li>\n<p align=\"JUSTIFY\"><span style=\"color: #262626;\"><span style=\"font-family: Arial, serif;\">Em caso de encomenda de mercadorias com peso superior a <\/span><\/span><span style=\"color: #262626;\"><span style=\"font-family: Arial, serif;\"><b>2 kg<\/b><\/span><\/span><span style=\"color: #262626;\"><span style=\"font-family: Arial, serif;\"> os portes de envio podem ser cobrados individualmente, salvo acordo em contr\u00e1rio entre o vendedor e o comprador.<\/span><\/span><\/p>\n<\/li>\n<li>\n<p align=\"JUSTIFY\"><span style=\"color: #262626;\"><span style=\"font-family: Arial, serif;\"><b>Recolha pessoal (apenas mediante acordo pr\u00e9vio)<\/b><\/span><\/span><span style=\"color: #262626;\"><span style=\"font-family: Arial, serif;\"> - Em caso de recolha pessoal, os bens est\u00e3o prontos para serem levantados em <span style=\"color: #404040;\"><b>RECOVERY SEED s.r.o<\/b><\/span><b>.<\/b>,<span style=\"color: #404040;\"><b>Bochenkova 256\/6, 748 01 Hlu\u010d\u00edn<\/b><\/span><\/span><\/span><span style=\"color: #262626;\"><span style=\"font-family: Arial, serif;\">. Em caso de recolha pessoal, ser\u00e1 informado por correio eletr\u00f3nico, sms ou telefone logo que a mercadoria esteja pronta para ser recolhida. Se chegar antes de o contactarmos, os artigos encomendados, reparados ou feitos por medida podem ainda n\u00e3o estar prontos para serem recolhidos!<\/span><\/span><\/p>\n<\/li>\n<li>\n<p align=\"JUSTIFY\"><span style=\"color: #262626;\"><span style=\"font-family: Arial, serif;\">As mercadorias para recolha pessoal que ainda n\u00e3o tenham sido pagas ser\u00e3o reservadas na sede da empresa por um per\u00edodo de catorze (<\/span><\/span><span style=\"color: #262626;\"><span style=\"font-family: Arial, serif;\"><b>14) dias<\/b><\/span><\/span><span style=\"color: #262626;\"><span style=\"font-family: Arial, serif;\">salvo acordo em contr\u00e1rio. As mercadorias pr\u00e9-pagas ou reservadas de outra forma (recolha pessoal, produ\u00e7\u00e3o por encomenda, repara\u00e7\u00f5es p\u00f3s-garantia, pagamento antecipado da encomenda) podem ser recolhidas ou retiradas pelo comprador em qualquer altura com base numa chamada enviada ao comprador (correio eletr\u00f3nico, sms, etc.).\u00a0<\/span><\/span><\/p>\n<\/li>\n<\/ol>\n<p align=\"JUSTIFY\"><span style=\"color: #0d0d0d;\"><span style=\"font-family: Arial, serif;\"><u><b>DIREITOS DE AUTOR:<\/b><\/u><\/span><\/span><\/p>\n<p align=\"JUSTIFY\"><span style=\"color: #262626;\"><span style=\"font-family: Arial, serif;\">A galeria atual, a sua estrutura, o design gr\u00e1fico, os textos, as fotografias e os gr\u00e1ficos, bem como as obras apresentadas, s\u00e3o propriedade exclusiva de <span style=\"color: #404040;\"><b>RECOVERY SEED s.r.o<\/b><\/span><b>.<\/b><\/span><\/span>\u00a0<span style=\"color: #262626;\"><span style=\"font-family: Arial, serif;\">e est\u00e3o sujeitos a prote\u00e7\u00e3o legal de acordo com a Lei dos Direitos de Autor n.\u00ba 121\/2000 Coll., tal como alterada e leis conexas.\u00a0<\/span><\/span><\/p>\n<p align=\"JUSTIFY\"><span style=\"color: #262626;\"><span style=\"font-family: Arial, serif;\">Todos os desenhos e produtos publicados ou produzidos pela empresa <span style=\"color: #404040;\"><b>RECOVERY SEED s.r.o<\/b><\/span>Os produtos de marca, exceto se forem propriedade de outros fabricantes, s\u00e3o propriedade da empresa e a empresa n\u00e3o concorda com a sua distribui\u00e7\u00e3o e imita\u00e7\u00e3o.<\/span><\/span><\/p>\n<p align=\"JUSTIFY\"><span style=\"color: #000000;\"><span style=\"font-family: Arial, serif;\"><b>As presentes condi\u00e7\u00f5es s\u00e3o v\u00e1lidas e efectivas a partir de 1 de janeiro de 2021.<\/b><\/span><\/span><\/p>\n<p align=\"JUSTIFY\"><span style=\"color: #262626;\"><span style=\"font-family: Arial, serif;\"><br \/>\n<\/span><\/span><span style=\"color: #262626;\"><span style=\"font-family: Arial, serif;\"><u><b>Aguardamos com expetativa as vossas encomendas!<\/b><\/u><\/span><\/span><\/p>\n<ul>\n<li><span style=\"color: #262626;\"><span style=\"font-family: Arial, serif;\"><span style=\"color: #404040;\"><b>RECOVERY SEED s.r.o<\/b><\/span><\/span><\/span><\/li>\n<li><span style=\"font-family: Times New Roman, serif;\"><span style=\"font-size: medium;\"><span style=\"color: #262626;\"><span style=\"font-family: Arial, serif;\">Bochenkova 256\/6, 748 01 Hlu\u010d\u00edn<\/span><\/span><\/span><\/span><\/li>\n<li><span style=\"font-family: Times New Roman, serif;\"><span style=\"font-size: medium;\"><span style=\"color: #262626;\"><span style=\"font-family: Arial, serif;\">ID: 08391955<\/span><\/span><\/span><\/span><\/li>\n<li>DIC: CZ08391955<\/li>\n<li><span style=\"font-family: Times New Roman, serif;\"><span style=\"font-size: medium;\"><span style=\"color: #262626;\"><span style=\"font-family: Arial, serif;\">info@recoveryseed.cz<\/span><\/span><\/span><\/span><\/li>\n<li><span style=\"font-family: Times New Roman, serif;\"><span style=\"font-size: medium;\"><span style=\"color: #262626;\"><span style=\"font-family: Arial, serif;\">+420 776 611 248 , +420 734 303 032<\/span><\/span><\/span><\/span><\/li>\n<li><span style=\"font-family: Times New Roman, serif;\"><span style=\"font-size: medium;\"><a href=\"https:\/\/www.facebook.com\/Recoveryseed.cz\"><span style=\"color: #c00000;\"><span style=\"font-family: Arial, serif;\">Facebook<\/span><\/span><\/a><\/span><\/span><\/li>\n<li><span style=\"font-family: Times New Roman, serif;\"><span style=\"font-size: medium;\"><a href=\"https:\/\/www.instagram.com\/recoveryseed.cz\/\"><span style=\"color: #c00000;\"><span style=\"font-family: Arial, serif;\">Instagram<\/span><\/span><\/a><\/span><\/span><\/li>\n<\/ul>\n<p>&nbsp;<\/p>","protected":false},"excerpt":{"rendered":"<p>Termos e Condi\u00e7\u00f5es Bem-vindo \u00e0 loja eletr\u00f3nica https:\/\/recoveryseed.cz\/ Os termos e condi\u00e7\u00f5es, a informa\u00e7\u00e3o e a pol\u00edtica de privacidade AQUI (doravante designados por RGPD) aqui indicados aplicam-se \u00e0s encomendas efectuadas na nossa loja online ou na nossa sede. Ao concluir a encomenda, o comprador confirma que leu e concorda com os termos e condi\u00e7\u00f5es, reclama\u00e7\u00f5es e regulamentos de compra. A encomenda \u00e9 um projeto de contrato de compra e venda. O contrato de compra \u00e9 [...]<\/p>","protected":false},"author":1,"featured_media":0,"parent":0,"menu_order":0,"comment_status":"closed","ping_status":"closed","template":"","meta":{"site-sidebar-layout":"default","site-content-layout":"content-boxed-container","ast-site-content-layout":"","site-content-style":"default","site-sidebar-style":"default","ast-global-header-display":"","ast-banner-title-visibility":"","ast-main-header-display":"","ast-hfb-above-header-display":"","ast-hfb-below-header-display":"","ast-hfb-mobile-header-display":"","site-post-title":"","ast-breadcrumbs-content":"","ast-featured-img":"","footer-sml-layout":"","theme-transparent-header-meta":"disabled","adv-header-id-meta":"","stick-header-meta":"","header-above-stick-meta":"","header-main-stick-meta":"","header-below-stick-meta":"","astra-migrate-meta-layouts":"default","ast-page-background-enabled":"default","ast-page-background-meta":{"desktop":{"background-color":"","background-image":"","background-repeat":"repeat","background-position":"center center","background-size":"auto","background-attachment":"scroll","background-type":"","background-media":"","overlay-type":"","overlay-color":"","overlay-opacity":"","overlay-gradient":""},"tablet":{"background-color":"","background-image":"","background-repeat":"repeat","background-position":"center center","background-size":"auto","background-attachment":"scroll","background-type":"","background-media":"","overlay-type":"","overlay-color":"","overlay-opacity":"","overlay-gradient":""},"mobile":{"background-color":"","background-image":"","background-repeat":"repeat","background-position":"center center","background-size":"auto","background-attachment":"scroll","background-type":"","background-media":"","overlay-type":"","overlay-color":"","overlay-opacity":"","overlay-gradient":""}},"ast-content-background-meta":{"desktop":{"background-color":"var(--ast-global-color-5)","background-image":"","background-repeat":"repeat","background-position":"center center","background-size":"auto","background-attachment":"scroll","background-type":"","background-media":"","overlay-type":"","overlay-color":"","overlay-opacity":"","overlay-gradient":""},"tablet":{"background-color":"var(--ast-global-color-5)","background-image":"","background-repeat":"repeat","background-position":"center center","background-size":"auto","background-attachment":"scroll","background-type":"","background-media":"","overlay-type":"","overlay-color":"","overlay-opacity":"","overlay-gradient":""},"mobile":{"background-color":"var(--ast-global-color-5)","background-image":"","background-repeat":"repeat","background-position":"center center","background-size":"auto","background-attachment":"scroll","background-type":"","background-media":"","overlay-type":"","overlay-color":"","overlay-opacity":"","overlay-gradient":""}},"footnotes":""},"yoast_head":"<!-- This site is optimized with the Yoast SEO plugin v23.0 - https:\/\/yoast.com\/wordpress\/plugins\/seo\/ -->\n<title>Obchodn\u00ed podm\u00ednky - RecoverySeed.cz - Ulo\u017ete sv\u016fj crypto seed bezpe\u010dn\u011b!<\/title>\n<meta name=\"robots\" content=\"index, follow, max-snippet:-1, max-image-preview:large, max-video-preview:-1\" \/>\n<link rel=\"canonical\" href=\"https:\/\/recoveryseed.cz\/pt\/protecao-das-agencias-pessoais\/\" \/>\n<meta property=\"og:locale\" content=\"pt_PT\" \/>\n<meta property=\"og:type\" content=\"article\" \/>\n<meta property=\"og:title\" content=\"Obchodn\u00ed podm\u00ednky - RecoverySeed.cz - Ulo\u017ete sv\u016fj crypto seed bezpe\u010dn\u011b!\" \/>\n<meta property=\"og:description\" content=\"Obchodn\u00ed podm\u00ednky V\u00edtejte v elektronick\u00e9m obchod\u011b https:\/\/recoveryseed.cz\/ Obchodn\u00ed podm\u00ednky, informace a Z\u00e1sady ochrany osobn\u00edch \u00fadaj\u016f ZDE (d\u00e1le jen GDPR) zde uveden\u00e9 plat\u00ed pro objedn\u00e1vky v na\u0161em internetov\u00e9m obchod\u011b, p\u0159\u00edpadn\u011b v s\u00eddle firmy. Vypln\u011bn\u00edm objedn\u00e1vky kupuj\u00edc\u00ed stvrzuje, \u017ee se sezn\u00e1mil a souhlas\u00ed s\u00a0obchodn\u00edmi podm\u00ednkami, reklama\u010dn\u00edm a n\u00e1kupn\u00edm \u0159\u00e1dem. Objedn\u00e1vka je n\u00e1vrhem kupn\u00ed smlouvy. Kupn\u00ed smlouva vznik\u00e1 [&hellip;]\" \/>\n<meta property=\"og:url\" content=\"https:\/\/recoveryseed.cz\/pt\/protecao-das-agencias-pessoais\/\" \/>\n<meta property=\"og:site_name\" content=\"RecoverySeed.cz - Ulo\u017ete sv\u016fj crypto seed bezpe\u010dn\u011b!\" \/>\n<meta property=\"article:publisher\" content=\"https:\/\/www.facebook.com\/Recoveryseed.cz\" \/>\n<meta property=\"article:modified_time\" content=\"2023-03-02T11:02:30+00:00\" \/>\n<meta name=\"twitter:card\" content=\"summary_large_image\" \/>\n<meta name=\"twitter:label1\" content=\"Est. reading time\" \/>\n\t<meta name=\"twitter:data1\" content=\"45 minutos\" \/>\n<script type=\"application\/ld+json\" class=\"yoast-schema-graph\">{\"@context\":\"https:\/\/schema.org\",\"@graph\":[{\"@type\":\"WebPage\",\"@id\":\"https:\/\/recoveryseed.cz\/ochrana-osobnich-udaju\/\",\"url\":\"https:\/\/recoveryseed.cz\/ochrana-osobnich-udaju\/\",\"name\":\"Obchodn\u00ed podm\u00ednky - RecoverySeed.cz - Ulo\u017ete sv\u016fj crypto seed bezpe\u010dn\u011b!\",\"isPartOf\":{\"@id\":\"https:\/\/recoveryseed.cz\/en\/#website\"},\"datePublished\":\"2020-12-05T16:05:29+00:00\",\"dateModified\":\"2023-03-02T11:02:30+00:00\",\"breadcrumb\":{\"@id\":\"https:\/\/recoveryseed.cz\/ochrana-osobnich-udaju\/#breadcrumb\"},\"inLanguage\":\"pt-PT\",\"potentialAction\":[{\"@type\":\"ReadAction\",\"target\":[\"https:\/\/recoveryseed.cz\/ochrana-osobnich-udaju\/\"]}]},{\"@type\":\"BreadcrumbList\",\"@id\":\"https:\/\/recoveryseed.cz\/ochrana-osobnich-udaju\/#breadcrumb\",\"itemListElement\":[{\"@type\":\"ListItem\",\"position\":1,\"name\":\"Dom\u016f\",\"item\":\"https:\/\/recoveryseed.cz\/\"},{\"@type\":\"ListItem\",\"position\":2,\"name\":\"Obchodn\u00ed podm\u00ednky\"}]},{\"@type\":\"WebSite\",\"@id\":\"https:\/\/recoveryseed.cz\/en\/#website\",\"url\":\"https:\/\/recoveryseed.cz\/en\/\",\"name\":\"RecoverySeed.cz - Ulo\u017ete sv\u016fj crypto seed bezpe\u010dn\u011b!\",\"description\":\"\",\"publisher\":{\"@id\":\"https:\/\/recoveryseed.cz\/en\/#organization\"},\"potentialAction\":[{\"@type\":\"SearchAction\",\"target\":{\"@type\":\"EntryPoint\",\"urlTemplate\":\"https:\/\/recoveryseed.cz\/en\/?s={search_term_string}\"},\"query-input\":\"required name=search_term_string\"}],\"inLanguage\":\"pt-PT\"},{\"@type\":\"Organization\",\"@id\":\"https:\/\/recoveryseed.cz\/en\/#organization\",\"name\":\"Recovery Seed s.r.o.\",\"url\":\"https:\/\/recoveryseed.cz\/en\/\",\"logo\":{\"@type\":\"ImageObject\",\"inLanguage\":\"pt-PT\",\"@id\":\"https:\/\/recoveryseed.cz\/en\/#\/schema\/logo\/image\/\",\"url\":\"https:\/\/recoveryseed.cz\/wp-content\/uploads\/2020\/12\/cropped-CryptoSteel__2_-removebg-preview-e1607373653659.png\",\"contentUrl\":\"https:\/\/recoveryseed.cz\/wp-content\/uploads\/2020\/12\/cropped-CryptoSteel__2_-removebg-preview-e1607373653659.png\",\"width\":500,\"height\":88,\"caption\":\"Recovery Seed s.r.o.\"},\"image\":{\"@id\":\"https:\/\/recoveryseed.cz\/en\/#\/schema\/logo\/image\/\"},\"sameAs\":[\"https:\/\/www.facebook.com\/Recoveryseed.cz\",\"https:\/\/www.instagram.com\/recoveryseed.cz\/\"]}]}<\/script>\n<!-- \/ Yoast SEO plugin. -->","yoast_head_json":{"title":"Obchodn\u00ed podm\u00ednky - RecoverySeed.cz - Ulo\u017ete sv\u016fj crypto seed bezpe\u010dn\u011b!","robots":{"index":"index","follow":"follow","max-snippet":"max-snippet:-1","max-image-preview":"max-image-preview:large","max-video-preview":"max-video-preview:-1"},"canonical":"https:\/\/recoveryseed.cz\/pt\/protecao-das-agencias-pessoais\/","og_locale":"pt_PT","og_type":"article","og_title":"Obchodn\u00ed podm\u00ednky - RecoverySeed.cz - Ulo\u017ete sv\u016fj crypto seed bezpe\u010dn\u011b!","og_description":"Obchodn\u00ed podm\u00ednky V\u00edtejte v elektronick\u00e9m obchod\u011b https:\/\/recoveryseed.cz\/ Obchodn\u00ed podm\u00ednky, informace a Z\u00e1sady ochrany osobn\u00edch \u00fadaj\u016f ZDE (d\u00e1le jen GDPR) zde uveden\u00e9 plat\u00ed pro objedn\u00e1vky v na\u0161em internetov\u00e9m obchod\u011b, p\u0159\u00edpadn\u011b v s\u00eddle firmy. Vypln\u011bn\u00edm objedn\u00e1vky kupuj\u00edc\u00ed stvrzuje, \u017ee se sezn\u00e1mil a souhlas\u00ed s\u00a0obchodn\u00edmi podm\u00ednkami, reklama\u010dn\u00edm a n\u00e1kupn\u00edm \u0159\u00e1dem. Objedn\u00e1vka je n\u00e1vrhem kupn\u00ed smlouvy. Kupn\u00ed smlouva vznik\u00e1 [&hellip;]","og_url":"https:\/\/recoveryseed.cz\/pt\/protecao-das-agencias-pessoais\/","og_site_name":"RecoverySeed.cz - Ulo\u017ete sv\u016fj crypto seed bezpe\u010dn\u011b!","article_publisher":"https:\/\/www.facebook.com\/Recoveryseed.cz","article_modified_time":"2023-03-02T11:02:30+00:00","twitter_card":"summary_large_image","twitter_misc":{"Est. reading time":"45 minutos"},"schema":{"@context":"https:\/\/schema.org","@graph":[{"@type":"WebPage","@id":"https:\/\/recoveryseed.cz\/ochrana-osobnich-udaju\/","url":"https:\/\/recoveryseed.cz\/ochrana-osobnich-udaju\/","name":"Obchodn\u00ed podm\u00ednky - RecoverySeed.cz - Ulo\u017ete sv\u016fj crypto seed bezpe\u010dn\u011b!","isPartOf":{"@id":"https:\/\/recoveryseed.cz\/en\/#website"},"datePublished":"2020-12-05T16:05:29+00:00","dateModified":"2023-03-02T11:02:30+00:00","breadcrumb":{"@id":"https:\/\/recoveryseed.cz\/ochrana-osobnich-udaju\/#breadcrumb"},"inLanguage":"pt-PT","potentialAction":[{"@type":"ReadAction","target":["https:\/\/recoveryseed.cz\/ochrana-osobnich-udaju\/"]}]},{"@type":"BreadcrumbList","@id":"https:\/\/recoveryseed.cz\/ochrana-osobnich-udaju\/#breadcrumb","itemListElement":[{"@type":"ListItem","position":1,"name":"Dom\u016f","item":"https:\/\/recoveryseed.cz\/"},{"@type":"ListItem","position":2,"name":"Obchodn\u00ed podm\u00ednky"}]},{"@type":"WebSite","@id":"https:\/\/recoveryseed.cz\/en\/#website","url":"https:\/\/recoveryseed.cz\/en\/","name":"RecoverySeed.cz - Ulo\u017ete sv\u016fj crypto seed bezpe\u010dn\u011b!","description":"","publisher":{"@id":"https:\/\/recoveryseed.cz\/en\/#organization"},"potentialAction":[{"@type":"SearchAction","target":{"@type":"EntryPoint","urlTemplate":"https:\/\/recoveryseed.cz\/en\/?s={search_term_string}"},"query-input":"required name=search_term_string"}],"inLanguage":"pt-PT"},{"@type":"Organization","@id":"https:\/\/recoveryseed.cz\/en\/#organization","name":"Recovery Seed s.r.o.","url":"https:\/\/recoveryseed.cz\/en\/","logo":{"@type":"ImageObject","inLanguage":"pt-PT","@id":"https:\/\/recoveryseed.cz\/en\/#\/schema\/logo\/image\/","url":"https:\/\/recoveryseed.cz\/wp-content\/uploads\/2020\/12\/cropped-CryptoSteel__2_-removebg-preview-e1607373653659.png","contentUrl":"https:\/\/recoveryseed.cz\/wp-content\/uploads\/2020\/12\/cropped-CryptoSteel__2_-removebg-preview-e1607373653659.png","width":500,"height":88,"caption":"Recovery Seed s.r.o."},"image":{"@id":"https:\/\/recoveryseed.cz\/en\/#\/schema\/logo\/image\/"},"sameAs":["https:\/\/www.facebook.com\/Recoveryseed.cz","https:\/\/www.instagram.com\/recoveryseed.cz\/"]}]}},"_links":{"self":[{"href":"https:\/\/recoveryseed.cz\/pt\/wp-json\/wp\/v2\/pages\/3"}],"collection":[{"href":"https:\/\/recoveryseed.cz\/pt\/wp-json\/wp\/v2\/pages"}],"about":[{"href":"https:\/\/recoveryseed.cz\/pt\/wp-json\/wp\/v2\/types\/page"}],"author":[{"embeddable":true,"href":"https:\/\/recoveryseed.cz\/pt\/wp-json\/wp\/v2\/users\/1"}],"replies":[{"embeddable":true,"href":"https:\/\/recoveryseed.cz\/pt\/wp-json\/wp\/v2\/comments?post=3"}],"version-history":[{"count":0,"href":"https:\/\/recoveryseed.cz\/pt\/wp-json\/wp\/v2\/pages\/3\/revisions"}],"wp:attachment":[{"href":"https:\/\/recoveryseed.cz\/pt\/wp-json\/wp\/v2\/media?parent=3"}],"curies":[{"name":"wp","href":"https:\/\/api.w.org\/{rel}","templated":true}]}}